{"id":3700,"date":"2013-05-24T20:06:54","date_gmt":"2013-05-24T20:06:54","guid":{"rendered":"http:\/\/theme-fusion.com\/avadaxml\/?page_id=3700"},"modified":"2021-07-20T11:38:39","modified_gmt":"2021-07-20T09:38:39","slug":"medium-alternate","status":"publish","type":"page","link":"https:\/\/www.realclubmaritimomelilla.es\/clmar\/medium-alternate\/","title":{"rendered":"Medium Alternate"},"content":{"rendered":"<div class=\"fusion-fullwidth fullwidth-box fusion-builder-row-1 hundred-percent-fullwidth non-hundred-percent-height-scrolling\" style=\"background-color: #ffffff;background-position: center center;background-repeat: no-repeat;padding-top:0px;padding-right:0px;padding-bottom:0px;padding-left:0px;margin-bottom: 0px;margin-top: 0px;border-width: 0px 0px 0px 0px;border-color:#eae9e9;border-style:solid;\" ><div class=\"fusion-builder-row fusion-row\"><div class=\"fusion-layout-column fusion_builder_column fusion-builder-column-0 fusion_builder_column_1_1 1_1 fusion-one-full fusion-column-first fusion-column-last fusion-column-no-min-height\" style=\"margin-top:0px;margin-bottom:0px;\"><div class=\"fusion-column-wrapper fusion-flex-column-wrapper-legacy\" style=\"background-position:left top;background-repeat:no-repeat;-webkit-background-size:cover;-moz-background-size:cover;-o-background-size:cover;background-size:cover;padding: 0px 0px 0px 0px;\"><div class=\"fusion-blog-shortcode fusion-blog-shortcode-1 fusion-blog-archive fusion-blog-layout-medium-alternate fusion-blog-pagination\"><div class=\"fusion-posts-container fusion-posts-container-pagination fusion-blog-rollover\" data-pages=\"188\"><article id=\"blog-1-post-27710\" class=\"fusion-post-medium-alternate post-27710 post type-post status-publish format-standard has-post-thumbnail hentry category-nautica\">\n<div class=\"fusion-date-and-formats\"><div class=\"fusion-date-box updated\"><span class=\"fusion-date\">26<\/span><span class=\"fusion-month-year\">04, 2026<\/span><\/div><div class=\"fusion-format-box\"><i class=\"awb-icon-pen\" aria-hidden=\"true\"><\/i><\/div><\/div>\t<style type=\"text\/css\">\r\n\t\t\r\n\t\t\r\n\t\t\r\n\t\t\r\n\t\t\t<\/style>\r\n\r\n\r\n\t\t\t<div class=\"fusion-flexslider flexslider fusion-flexslider-loading fusion-post-slideshow\" style=\"\">\r\n\t\t<ul class=\"slides\">\r\n\t\t\t\r\n\t\t\t\t\t\t\t\t\t\t\t\t\t\t<li><div  class=\"fusion-image-wrapper fusion-image-size-fixed\" aria-haspopup=\"true\">\r\n\t\t\t\t  <img decoding=\"async\" width=\"320\" height=\"202\" src=\"https:\/\/www.realclubmaritimomelilla.es\/clmar\/wp-content\/uploads\/PREMIADOS-1-320x202.webp\" class=\"attachment-blog-medium size-blog-medium wp-post-image\" alt=\"\" srcset=\"https:\/\/www.realclubmaritimomelilla.es\/clmar\/wp-content\/uploads\/PREMIADOS-1-320x202.webp 320w, https:\/\/www.realclubmaritimomelilla.es\/clmar\/wp-content\/uploads\/PREMIADOS-1-700x441.webp 700w\" sizes=\"(max-width: 320px) 100vw, 320px\" \/><div class=\"fusion-rollover\">\r\n\t<div class=\"fusion-rollover-content\">\r\n\r\n\t\t\t\t\r\n\t\t\r\n\t\t\t\t\t\t\t\t\t\t\t\t<h4 class=\"fusion-rollover-title\">\r\n\t\t\t\t\t<a class=\"fusion-rollover-title-link\" href=\"https:\/\/www.realclubmaritimomelilla.es\/clmar\/la-entrega-de-premios-pone-punto-y-final-al-campeonato-de-espana-ilca6-en-melilla\/\">\r\n\t\t\t\t\t\tEntrega de premios Campeonato de Espa\u00f1a ILCA 6\u00a0en Melilla\t\t\t\t\t<\/a>\r\n\t\t\t\t<\/h4>\r\n\t\t\t\r\n\t\t\t\t\t\t\t\t\t\t<div class=\"fusion-rollover-categories\"><a href=\"https:\/\/www.realclubmaritimomelilla.es\/clmar\/category\/nautica\/\" rel=\"tag\">N\u00e1utica<\/a><\/div>\t\t\t\t\t\r\n\t\t\r\n\t\t\t\t\t\t<a class=\"fusion-link-wrapper\" href=\"https:\/\/www.realclubmaritimomelilla.es\/clmar\/la-entrega-de-premios-pone-punto-y-final-al-campeonato-de-espana-ilca6-en-melilla\/\" aria-label=\"Entrega de premios Campeonato de Espa\u00f1a ILCA 6\u00a0en Melilla\"><\/a>\r\n\t<\/div>\r\n<\/div>\r\n<\/div>\r\n<\/li>\r\n\t\t\t\r\n\t\t\t\r\n\t\t\t\t\t\t\t\t\t\t\t\t\t\t\t\t\t\t\t\t\t\t\t\t\t\t\t\t\t\t\t\t\t\t\t\t\t\t\t\t\t\t\t\t\t\t\t\t\t\t\t\t\t\t\t\t\t\t\t\t\t\t\t\t\t\t\t\t<\/ul>\r\n\t<\/div>\r\n\t<div class=\"fusion-post-content post-content\"><h2 class=\"blog-shortcode-post-title entry-title\"><a href=\"https:\/\/www.realclubmaritimomelilla.es\/clmar\/la-entrega-de-premios-pone-punto-y-final-al-campeonato-de-espana-ilca6-en-melilla\/\">Entrega de premios Campeonato de Espa\u00f1a ILCA 6\u00a0en Melilla<\/a><\/h2><p class=\"fusion-single-line-meta\">By <span class=\"vcard\"><span class=\"fn\"><a href=\"https:\/\/www.realclubmaritimomelilla.es\/clmar\/author\/rcmmelilla2017\/\" title=\"Entradas de RCMMelilla\" rel=\"author\">RCMMelilla<\/a><\/span><\/span><span class=\"fusion-inline-sep\">|<\/span><span class=\"updated\" style=\"display:none;\">2026-04-28T16:21:05+02:00<\/span><span>abril 26th, 2026<\/span><span class=\"fusion-inline-sep\">|<\/span>Categories: <a href=\"https:\/\/www.realclubmaritimomelilla.es\/clmar\/category\/nautica\/\" rel=\"category tag\">N\u00e1utica<\/a><span class=\"fusion-inline-sep\">|<\/span><span class=\"fusion-comments\"><a href=\"https:\/\/www.realclubmaritimomelilla.es\/clmar\/la-entrega-de-premios-pone-punto-y-final-al-campeonato-de-espana-ilca6-en-melilla\/#respond\">0 Comments<\/a><\/span><\/p><div class=\"fusion-post-content-container\"><p>La ciudad de Melilla ha puesto este domingo el broche final al Campeonato de Espa\u00f1a de ILCA 6, celebrado entre los d\u00edas 22 y 26 de abril, con la participaci\u00f3n [...]<\/p><\/div><\/div><div class=\"fusion-clearfix\"><\/div><div class=\"fusion-meta-info\"><div class=\"fusion-alignright\"><a class=\"fusion-read-more\" href=\"https:\/\/www.realclubmaritimomelilla.es\/clmar\/la-entrega-de-premios-pone-punto-y-final-al-campeonato-de-espana-ilca6-en-melilla\/\" aria-label=\"More on Entrega de premios Campeonato de Espa\u00f1a ILCA 6\u00a0en Melilla\">Read More<\/a><\/div><\/div><\/article>\n<article id=\"blog-1-post-27702\" class=\"fusion-post-medium-alternate post-27702 post type-post status-publish format-standard has-post-thumbnail hentry category-nautica\">\n<div class=\"fusion-date-and-formats\"><div class=\"fusion-date-box updated\"><span class=\"fusion-date\">26<\/span><span class=\"fusion-month-year\">04, 2026<\/span><\/div><div class=\"fusion-format-box\"><i class=\"awb-icon-pen\" aria-hidden=\"true\"><\/i><\/div><\/div>\t<style type=\"text\/css\">\r\n\t\t\r\n\t\t\r\n\t\t\r\n\t\t\r\n\t\t\t<\/style>\r\n\r\n\r\n\t\t\t<div class=\"fusion-flexslider flexslider fusion-flexslider-loading fusion-post-slideshow\" style=\"\">\r\n\t\t<ul class=\"slides\">\r\n\t\t\t\r\n\t\t\t\t\t\t\t\t\t\t\t\t\t\t<li><div  class=\"fusion-image-wrapper fusion-image-size-fixed\" aria-haspopup=\"true\">\r\n\t\t\t\t  <img decoding=\"async\" width=\"320\" height=\"202\" src=\"https:\/\/www.realclubmaritimomelilla.es\/clmar\/wp-content\/uploads\/flota-10-320x202.webp\" class=\"attachment-blog-medium size-blog-medium wp-post-image\" alt=\"\" srcset=\"https:\/\/www.realclubmaritimomelilla.es\/clmar\/wp-content\/uploads\/flota-10-320x202.webp 320w, https:\/\/www.realclubmaritimomelilla.es\/clmar\/wp-content\/uploads\/flota-10-700x441.webp 700w\" sizes=\"(max-width: 320px) 100vw, 320px\" \/><div class=\"fusion-rollover\">\r\n\t<div class=\"fusion-rollover-content\">\r\n\r\n\t\t\t\t\r\n\t\t\r\n\t\t\t\t\t\t\t\t\t\t\t\t<h4 class=\"fusion-rollover-title\">\r\n\t\t\t\t\t<a class=\"fusion-rollover-title-link\" href=\"https:\/\/www.realclubmaritimomelilla.es\/clmar\/melilla-corona-a-los-nuevos-campeones-nacionales-en-ilca6\/\">\r\n\t\t\t\t\t\tMelilla corona a los nuevos campeones nacionales en Ilca 6\t\t\t\t\t<\/a>\r\n\t\t\t\t<\/h4>\r\n\t\t\t\r\n\t\t\t\t\t\t\t\t\t\t<div class=\"fusion-rollover-categories\"><a href=\"https:\/\/www.realclubmaritimomelilla.es\/clmar\/category\/nautica\/\" rel=\"tag\">N\u00e1utica<\/a><\/div>\t\t\t\t\t\r\n\t\t\r\n\t\t\t\t\t\t<a class=\"fusion-link-wrapper\" href=\"https:\/\/www.realclubmaritimomelilla.es\/clmar\/melilla-corona-a-los-nuevos-campeones-nacionales-en-ilca6\/\" aria-label=\"Melilla corona a los nuevos campeones nacionales en Ilca 6\"><\/a>\r\n\t<\/div>\r\n<\/div>\r\n<\/div>\r\n<\/li>\r\n\t\t\t\r\n\t\t\t\r\n\t\t\t\t\t\t\t\t\t\t\t\t\t\t\t\t\t\t\t\t\t\t\t\t\t\t\t\t\t\t\t\t\t\t\t\t\t\t\t\t\t\t\t\t\t\t\t\t\t\t\t\t\t\t\t\t\t\t\t\t\t\t\t\t\t\t\t\t<\/ul>\r\n\t<\/div>\r\n\t<div class=\"fusion-post-content post-content\"><h2 class=\"blog-shortcode-post-title entry-title\"><a href=\"https:\/\/www.realclubmaritimomelilla.es\/clmar\/melilla-corona-a-los-nuevos-campeones-nacionales-en-ilca6\/\">Melilla corona a los nuevos campeones nacionales en Ilca 6<\/a><\/h2><p class=\"fusion-single-line-meta\">By <span class=\"vcard\"><span class=\"fn\"><a href=\"https:\/\/www.realclubmaritimomelilla.es\/clmar\/author\/rcmmelilla2017\/\" title=\"Entradas de RCMMelilla\" rel=\"author\">RCMMelilla<\/a><\/span><\/span><span class=\"fusion-inline-sep\">|<\/span><span class=\"updated\" style=\"display:none;\">2026-04-28T16:19:13+02:00<\/span><span>abril 26th, 2026<\/span><span class=\"fusion-inline-sep\">|<\/span>Categories: <a href=\"https:\/\/www.realclubmaritimomelilla.es\/clmar\/category\/nautica\/\" rel=\"category tag\">N\u00e1utica<\/a><span class=\"fusion-inline-sep\">|<\/span><span class=\"fusion-comments\"><a href=\"https:\/\/www.realclubmaritimomelilla.es\/clmar\/melilla-corona-a-los-nuevos-campeones-nacionales-en-ilca6\/#respond\">0 Comments<\/a><\/span><\/p><div class=\"fusion-post-content-container\"><p>El balear Nikko Palou, en absoluto y sub19 masculino. Mientras que las valencianas Irene de Tom\u00e1s, en absoluto y sub21 femenino, as\u00ed como Blanca Ferrando, en sub19 femenino son las [...]<\/p><\/div><\/div><div class=\"fusion-clearfix\"><\/div><div class=\"fusion-meta-info\"><div class=\"fusion-alignright\"><a class=\"fusion-read-more\" href=\"https:\/\/www.realclubmaritimomelilla.es\/clmar\/melilla-corona-a-los-nuevos-campeones-nacionales-en-ilca6\/\" aria-label=\"More on Melilla corona a los nuevos campeones nacionales en Ilca 6\">Read More<\/a><\/div><\/div><\/article>\n<article id=\"blog-1-post-27612\" class=\"fusion-post-medium-alternate post-27612 post type-post status-publish format-standard has-post-thumbnail hentry category-nautica\">\n<div class=\"fusion-date-and-formats\"><div class=\"fusion-date-box updated\"><span class=\"fusion-date\">25<\/span><span class=\"fusion-month-year\">04, 2026<\/span><\/div><div class=\"fusion-format-box\"><i class=\"awb-icon-pen\" aria-hidden=\"true\"><\/i><\/div><\/div>\t<style type=\"text\/css\">\r\n\t\t\r\n\t\t\r\n\t\t\r\n\t\t\r\n\t\t\t<\/style>\r\n\r\n\r\n\t\t\t<div class=\"fusion-flexslider flexslider fusion-flexslider-loading fusion-post-slideshow\" style=\"\">\r\n\t\t<ul class=\"slides\">\r\n\t\t\t\r\n\t\t\t\t\t\t\t\t\t\t\t\t\t\t<li><div  class=\"fusion-image-wrapper fusion-image-size-fixed\" aria-haspopup=\"true\">\r\n\t\t\t\t  <img decoding=\"async\" width=\"320\" height=\"202\" src=\"https:\/\/www.realclubmaritimomelilla.es\/clmar\/wp-content\/uploads\/Nikko-Palou-320x202.webp\" class=\"attachment-blog-medium size-blog-medium wp-post-image\" alt=\"\" srcset=\"https:\/\/www.realclubmaritimomelilla.es\/clmar\/wp-content\/uploads\/Nikko-Palou-320x202.webp 320w, https:\/\/www.realclubmaritimomelilla.es\/clmar\/wp-content\/uploads\/Nikko-Palou-700x441.webp 700w\" sizes=\"(max-width: 320px) 100vw, 320px\" \/><div class=\"fusion-rollover\">\r\n\t<div class=\"fusion-rollover-content\">\r\n\r\n\t\t\t\t\r\n\t\t\r\n\t\t\t\t\t\t\t\t\t\t\t\t<h4 class=\"fusion-rollover-title\">\r\n\t\t\t\t\t<a class=\"fusion-rollover-title-link\" href=\"https:\/\/www.realclubmaritimomelilla.es\/clmar\/nikko-palou-se-pone-al-frente-de-la-clase-nacional-ilc6-en-melilla\/\">\r\n\t\t\t\t\t\tNikko Palou se pone al frente de la Clase Nacional ILCA 6 en Melilla\t\t\t\t\t<\/a>\r\n\t\t\t\t<\/h4>\r\n\t\t\t\r\n\t\t\t\t\t\t\t\t\t\t<div class=\"fusion-rollover-categories\"><a href=\"https:\/\/www.realclubmaritimomelilla.es\/clmar\/category\/nautica\/\" rel=\"tag\">N\u00e1utica<\/a><\/div>\t\t\t\t\t\r\n\t\t\r\n\t\t\t\t\t\t<a class=\"fusion-link-wrapper\" href=\"https:\/\/www.realclubmaritimomelilla.es\/clmar\/nikko-palou-se-pone-al-frente-de-la-clase-nacional-ilc6-en-melilla\/\" aria-label=\"Nikko Palou se pone al frente de la Clase Nacional ILCA 6 en Melilla\"><\/a>\r\n\t<\/div>\r\n<\/div>\r\n<\/div>\r\n<\/li>\r\n\t\t\t\r\n\t\t\t\r\n\t\t\t\t\t\t\t\t\t\t\t\t\t\t\t\t\t\t\t\t\t\t\t\t\t\t\t\t\t\t\t\t\t\t\t\t\t\t\t\t\t\t\t\t\t\t\t\t\t\t\t\t\t\t\t\t\t\t\t\t\t\t\t\t\t\t\t\t<\/ul>\r\n\t<\/div>\r\n\t<div class=\"fusion-post-content post-content\"><h2 class=\"blog-shortcode-post-title entry-title\"><a href=\"https:\/\/www.realclubmaritimomelilla.es\/clmar\/nikko-palou-se-pone-al-frente-de-la-clase-nacional-ilc6-en-melilla\/\">Nikko Palou se pone al frente de la Clase Nacional ILCA 6 en Melilla<\/a><\/h2><p class=\"fusion-single-line-meta\">By <span class=\"vcard\"><span class=\"fn\"><a href=\"https:\/\/www.realclubmaritimomelilla.es\/clmar\/author\/rcmmelilla2017\/\" title=\"Entradas de RCMMelilla\" rel=\"author\">RCMMelilla<\/a><\/span><\/span><span class=\"fusion-inline-sep\">|<\/span><span class=\"updated\" style=\"display:none;\">2026-04-28T16:17:06+02:00<\/span><span>abril 25th, 2026<\/span><span class=\"fusion-inline-sep\">|<\/span>Categories: <a href=\"https:\/\/www.realclubmaritimomelilla.es\/clmar\/category\/nautica\/\" rel=\"category tag\">N\u00e1utica<\/a><span class=\"fusion-inline-sep\">|<\/span><span class=\"fusion-comments\"><a href=\"https:\/\/www.realclubmaritimomelilla.es\/clmar\/nikko-palou-se-pone-al-frente-de-la-clase-nacional-ilc6-en-melilla\/#respond\">0 Comments<\/a><\/span><\/p><div class=\"fusion-post-content-container\"><p>El mallorqu\u00edn Nikko Palou (RCN Palma) se ha situado l\u00edder del Campeonato de Espa\u00f1a Ilca6 a falta de una jornada en el campo de regata de la ciudad aut\u00f3noma. Este [...]<\/p><\/div><\/div><div class=\"fusion-clearfix\"><\/div><div class=\"fusion-meta-info\"><div class=\"fusion-alignright\"><a class=\"fusion-read-more\" href=\"https:\/\/www.realclubmaritimomelilla.es\/clmar\/nikko-palou-se-pone-al-frente-de-la-clase-nacional-ilc6-en-melilla\/\" aria-label=\"More on Nikko Palou se pone al frente de la Clase Nacional ILCA 6 en Melilla\">Read More<\/a><\/div><\/div><\/article>\n<article id=\"blog-1-post-27553\" class=\"fusion-post-medium-alternate post-27553 post type-post status-publish format-standard has-post-thumbnail hentry category-nautica\">\n<div class=\"fusion-date-and-formats\"><div class=\"fusion-date-box updated\"><span class=\"fusion-date\">24<\/span><span class=\"fusion-month-year\">04, 2026<\/span><\/div><div class=\"fusion-format-box\"><i class=\"awb-icon-pen\" aria-hidden=\"true\"><\/i><\/div><\/div>\t<style type=\"text\/css\">\r\n\t\t\r\n\t\t\r\n\t\t\r\n\t\t\r\n\t\t\t<\/style>\r\n\r\n\r\n\t\t\t<div class=\"fusion-flexslider flexslider fusion-flexslider-loading fusion-post-slideshow\" style=\"\">\r\n\t\t<ul class=\"slides\">\r\n\t\t\t\r\n\t\t\t\t\t\t\t\t\t\t\t\t\t\t<li><div  class=\"fusion-image-wrapper fusion-image-size-fixed\" aria-haspopup=\"true\">\r\n\t\t\t\t  <img decoding=\"async\" width=\"320\" height=\"202\" src=\"https:\/\/www.realclubmaritimomelilla.es\/clmar\/wp-content\/uploads\/Fernando-Echavarri-320x202.webp\" class=\"attachment-blog-medium size-blog-medium wp-post-image\" alt=\"\" srcset=\"https:\/\/www.realclubmaritimomelilla.es\/clmar\/wp-content\/uploads\/Fernando-Echavarri-320x202.webp 320w, https:\/\/www.realclubmaritimomelilla.es\/clmar\/wp-content\/uploads\/Fernando-Echavarri-700x441.webp 700w\" sizes=\"(max-width: 320px) 100vw, 320px\" \/><div class=\"fusion-rollover\">\r\n\t<div class=\"fusion-rollover-content\">\r\n\r\n\t\t\t\t\r\n\t\t\r\n\t\t\t\t\t\t\t\t\t\t\t\t<h4 class=\"fusion-rollover-title\">\r\n\t\t\t\t\t<a class=\"fusion-rollover-title-link\" href=\"https:\/\/www.realclubmaritimomelilla.es\/clmar\/nuevos-lideres-en-el-nacional-ilca6-en-melilla\/\">\r\n\t\t\t\t\t\tNuevos l\u00edderes, en el Nacional Ilca 6 en Melilla\t\t\t\t\t<\/a>\r\n\t\t\t\t<\/h4>\r\n\t\t\t\r\n\t\t\t\t\t\t\t\t\t\t<div class=\"fusion-rollover-categories\"><a href=\"https:\/\/www.realclubmaritimomelilla.es\/clmar\/category\/nautica\/\" rel=\"tag\">N\u00e1utica<\/a><\/div>\t\t\t\t\t\r\n\t\t\r\n\t\t\t\t\t\t<a class=\"fusion-link-wrapper\" href=\"https:\/\/www.realclubmaritimomelilla.es\/clmar\/nuevos-lideres-en-el-nacional-ilca6-en-melilla\/\" aria-label=\"Nuevos l\u00edderes, en el Nacional Ilca 6 en Melilla\"><\/a>\r\n\t<\/div>\r\n<\/div>\r\n<\/div>\r\n<\/li>\r\n\t\t\t\r\n\t\t\t\r\n\t\t\t\t\t\t\t\t\t\t\t\t\t\t\t\t\t\t\t\t\t\t\t\t\t\t\t\t\t\t\t\t\t\t\t\t\t\t\t\t\t\t\t\t\t\t\t\t\t\t\t\t\t\t\t\t\t\t\t\t\t\t\t\t\t\t\t\t<\/ul>\r\n\t<\/div>\r\n\t<div class=\"fusion-post-content post-content\"><h2 class=\"blog-shortcode-post-title entry-title\"><a href=\"https:\/\/www.realclubmaritimomelilla.es\/clmar\/nuevos-lideres-en-el-nacional-ilca6-en-melilla\/\">Nuevos l\u00edderes, en el Nacional Ilca 6 en Melilla<\/a><\/h2><p class=\"fusion-single-line-meta\">By <span class=\"vcard\"><span class=\"fn\"><a href=\"https:\/\/www.realclubmaritimomelilla.es\/clmar\/author\/rcmmelilla2017\/\" title=\"Entradas de RCMMelilla\" rel=\"author\">RCMMelilla<\/a><\/span><\/span><span class=\"fusion-inline-sep\">|<\/span><span class=\"updated\" style=\"display:none;\">2026-04-28T10:42:47+02:00<\/span><span>abril 24th, 2026<\/span><span class=\"fusion-inline-sep\">|<\/span>Categories: <a href=\"https:\/\/www.realclubmaritimomelilla.es\/clmar\/category\/nautica\/\" rel=\"category tag\">N\u00e1utica<\/a><span class=\"fusion-inline-sep\">|<\/span><span class=\"fusion-comments\"><a href=\"https:\/\/www.realclubmaritimomelilla.es\/clmar\/nuevos-lideres-en-el-nacional-ilca6-en-melilla\/#respond\">0 Comments<\/a><\/span><\/p><div class=\"fusion-post-content-container\"><p>Fernanado Echavarri (RCM Santander) y Blanca Ferrando (RCN Valencia) han pasado a liderar la flota Ilca6 en el Campeonato de Espa\u00f1a, que este viernes ha cubierto su segunda jornada de [...]<\/p><\/div><\/div><div class=\"fusion-clearfix\"><\/div><div class=\"fusion-meta-info\"><div class=\"fusion-alignright\"><a class=\"fusion-read-more\" href=\"https:\/\/www.realclubmaritimomelilla.es\/clmar\/nuevos-lideres-en-el-nacional-ilca6-en-melilla\/\" aria-label=\"More on Nuevos l\u00edderes, en el Nacional Ilca 6 en Melilla\">Read More<\/a><\/div><\/div><\/article>\n<article id=\"blog-1-post-27546\" class=\"fusion-post-medium-alternate post-27546 post type-post status-publish format-standard has-post-thumbnail hentry category-club\">\n<div class=\"fusion-date-and-formats\"><div class=\"fusion-date-box updated\"><span class=\"fusion-date\">24<\/span><span class=\"fusion-month-year\">04, 2026<\/span><\/div><div class=\"fusion-format-box\"><i class=\"awb-icon-pen\" aria-hidden=\"true\"><\/i><\/div><\/div>\t<style type=\"text\/css\">\r\n\t\t\r\n\t\t\r\n\t\t\r\n\t\t\r\n\t\t\t<\/style>\r\n\r\n\r\n\t\t\t<div class=\"fusion-flexslider flexslider fusion-flexslider-loading fusion-post-slideshow\" style=\"\">\r\n\t\t<ul class=\"slides\">\r\n\t\t\t\r\n\t\t\t\t\t\t\t\t\t\t\t\t\t\t<li><div  class=\"fusion-image-wrapper fusion-image-size-fixed\" aria-haspopup=\"true\">\r\n\t\t\t\t  <img decoding=\"async\" width=\"320\" height=\"202\" src=\"https:\/\/www.realclubmaritimomelilla.es\/clmar\/wp-content\/uploads\/simposi2-320x202.webp\" class=\"attachment-blog-medium size-blog-medium wp-post-image\" alt=\"\" srcset=\"https:\/\/www.realclubmaritimomelilla.es\/clmar\/wp-content\/uploads\/simposi2-320x202.webp 320w, https:\/\/www.realclubmaritimomelilla.es\/clmar\/wp-content\/uploads\/simposi2-700x441.webp 700w\" sizes=\"(max-width: 320px) 100vw, 320px\" \/><div class=\"fusion-rollover\">\r\n\t<div class=\"fusion-rollover-content\">\r\n\r\n\t\t\t\t\r\n\t\t\r\n\t\t\t\t\t\t\t\t\t\t\t\t<h4 class=\"fusion-rollover-title\">\r\n\t\t\t\t\t<a class=\"fusion-rollover-title-link\" href=\"https:\/\/www.realclubmaritimomelilla.es\/clmar\/el-rcmm-anfitrion-en-el-iv-simposio-de-deportes-de-agua\/\">\r\n\t\t\t\t\t\tEl RCMM anfitri\u00f3n en el IV Simposio de Deportes de Agua\t\t\t\t\t<\/a>\r\n\t\t\t\t<\/h4>\r\n\t\t\t\r\n\t\t\t\t\t\t\t\t\t\t<div class=\"fusion-rollover-categories\"><a href=\"https:\/\/www.realclubmaritimomelilla.es\/clmar\/category\/club\/\" rel=\"tag\">Club<\/a><\/div>\t\t\t\t\t\r\n\t\t\r\n\t\t\t\t\t\t<a class=\"fusion-link-wrapper\" href=\"https:\/\/www.realclubmaritimomelilla.es\/clmar\/el-rcmm-anfitrion-en-el-iv-simposio-de-deportes-de-agua\/\" aria-label=\"El RCMM anfitri\u00f3n en el IV Simposio de Deportes de Agua\"><\/a>\r\n\t<\/div>\r\n<\/div>\r\n<\/div>\r\n<\/li>\r\n\t\t\t\r\n\t\t\t\r\n\t\t\t\t\t\t\t\t\t\t\t\t\t\t\t\t\t\t\t\t\t\t\t\t\t\t\t\t\t\t\t\t\t\t\t\t\t\t\t\t\t\t\t\t\t\t\t\t\t\t\t\t\t\t\t\t\t\t\t\t\t\t\t\t\t\t\t\t<\/ul>\r\n\t<\/div>\r\n\t<div class=\"fusion-post-content post-content\"><h2 class=\"blog-shortcode-post-title entry-title\"><a href=\"https:\/\/www.realclubmaritimomelilla.es\/clmar\/el-rcmm-anfitrion-en-el-iv-simposio-de-deportes-de-agua\/\">El RCMM anfitri\u00f3n en el IV Simposio de Deportes de Agua<\/a><\/h2><p class=\"fusion-single-line-meta\">By <span class=\"vcard\"><span class=\"fn\"><a href=\"https:\/\/www.realclubmaritimomelilla.es\/clmar\/author\/rcmmelilla2017\/\" title=\"Entradas de RCMMelilla\" rel=\"author\">RCMMelilla<\/a><\/span><\/span><span class=\"fusion-inline-sep\">|<\/span><span class=\"updated\" style=\"display:none;\">2026-04-28T16:15:06+02:00<\/span><span>abril 24th, 2026<\/span><span class=\"fusion-inline-sep\">|<\/span>Categories: <a href=\"https:\/\/www.realclubmaritimomelilla.es\/clmar\/category\/club\/\" rel=\"category tag\">Club<\/a><span class=\"fusion-inline-sep\">|<\/span><span class=\"fusion-comments\"><a href=\"https:\/\/www.realclubmaritimomelilla.es\/clmar\/el-rcmm-anfitrion-en-el-iv-simposio-de-deportes-de-agua\/#respond\">0 Comments<\/a><\/span><\/p><div class=\"fusion-post-content-container\"><p>El IV Simposio de Federaciones de Deportes de Agua ha convertido a Melilla en el epicentro del debate sobre el presente y futuro de estas disciplinas. Impulsado por la Asociaci\u00f3n [...]<\/p><\/div><\/div><div class=\"fusion-clearfix\"><\/div><div class=\"fusion-meta-info\"><div class=\"fusion-alignright\"><a class=\"fusion-read-more\" href=\"https:\/\/www.realclubmaritimomelilla.es\/clmar\/el-rcmm-anfitrion-en-el-iv-simposio-de-deportes-de-agua\/\" aria-label=\"More on El RCMM anfitri\u00f3n en el IV Simposio de Deportes de Agua\">Read More<\/a><\/div><\/div><\/article>\n<article id=\"blog-1-post-27542\" class=\"fusion-post-medium-alternate post-27542 post type-post status-publish format-standard has-post-thumbnail hentry category-seccion-baloncesto\">\n<div class=\"fusion-date-and-formats\"><div class=\"fusion-date-box updated\"><span class=\"fusion-date\">24<\/span><span class=\"fusion-month-year\">04, 2026<\/span><\/div><div class=\"fusion-format-box\"><i class=\"awb-icon-pen\" aria-hidden=\"true\"><\/i><\/div><\/div>\t<style type=\"text\/css\">\r\n\t\t\r\n\t\t\r\n\t\t\r\n\t\t\r\n\t\t\t<\/style>\r\n\r\n\r\n\t\t\t<div class=\"fusion-flexslider flexslider fusion-flexslider-loading fusion-post-slideshow\" style=\"\">\r\n\t\t<ul class=\"slides\">\r\n\t\t\t\r\n\t\t\t\t\t\t\t\t\t\t\t\t\t\t<li><div  class=\"fusion-image-wrapper fusion-image-size-fixed\" aria-haspopup=\"true\">\r\n\t\t\t\t  <img decoding=\"async\" width=\"320\" height=\"202\" src=\"https:\/\/www.realclubmaritimomelilla.es\/clmar\/wp-content\/uploads\/equipo-minibasket-1-320x202.webp\" class=\"attachment-blog-medium size-blog-medium wp-post-image\" alt=\"\" srcset=\"https:\/\/www.realclubmaritimomelilla.es\/clmar\/wp-content\/uploads\/equipo-minibasket-1-320x202.webp 320w, https:\/\/www.realclubmaritimomelilla.es\/clmar\/wp-content\/uploads\/equipo-minibasket-1-700x441.webp 700w\" sizes=\"(max-width: 320px) 100vw, 320px\" \/><div class=\"fusion-rollover\">\r\n\t<div class=\"fusion-rollover-content\">\r\n\r\n\t\t\t\t\r\n\t\t\r\n\t\t\t\t\t\t\t\t\t\t\t\t<h4 class=\"fusion-rollover-title\">\r\n\t\t\t\t\t<a class=\"fusion-rollover-title-link\" href=\"https:\/\/www.realclubmaritimomelilla.es\/clmar\/el-real-club-maritimo-de-melilla-participa-en-el-all-star-minibasket-de-la-fundacion-unicaja-en-malaga\/\">\r\n\t\t\t\t\t\tEl RCMM participa en el All-Star Minibasket en M\u00e1laga\t\t\t\t\t<\/a>\r\n\t\t\t\t<\/h4>\r\n\t\t\t\r\n\t\t\t\t\t\t\t\t\t\t<div class=\"fusion-rollover-categories\"><a href=\"https:\/\/www.realclubmaritimomelilla.es\/clmar\/category\/seccion-baloncesto\/\" rel=\"tag\">Secci\u00f3n Baloncesto<\/a><\/div>\t\t\t\t\t\r\n\t\t\r\n\t\t\t\t\t\t<a class=\"fusion-link-wrapper\" href=\"https:\/\/www.realclubmaritimomelilla.es\/clmar\/el-real-club-maritimo-de-melilla-participa-en-el-all-star-minibasket-de-la-fundacion-unicaja-en-malaga\/\" aria-label=\"El RCMM participa en el All-Star Minibasket en M\u00e1laga\"><\/a>\r\n\t<\/div>\r\n<\/div>\r\n<\/div>\r\n<\/li>\r\n\t\t\t\r\n\t\t\t\r\n\t\t\t\t\t\t\t\t\t\t\t\t\t\t\t\t\t\t\t\t\t\t\t\t\t\t\t\t\t\t\t\t\t\t\t\t\t\t\t\t\t\t\t\t\t\t\t\t\t\t\t\t\t\t\t\t\t\t\t\t\t\t\t\t\t\t\t\t<\/ul>\r\n\t<\/div>\r\n\t<div class=\"fusion-post-content post-content\"><h2 class=\"blog-shortcode-post-title entry-title\"><a href=\"https:\/\/www.realclubmaritimomelilla.es\/clmar\/el-real-club-maritimo-de-melilla-participa-en-el-all-star-minibasket-de-la-fundacion-unicaja-en-malaga\/\">El RCMM participa en el All-Star Minibasket en M\u00e1laga<\/a><\/h2><p class=\"fusion-single-line-meta\">By <span class=\"vcard\"><span class=\"fn\"><a href=\"https:\/\/www.realclubmaritimomelilla.es\/clmar\/author\/rcmmelilla2017\/\" title=\"Entradas de RCMMelilla\" rel=\"author\">RCMMelilla<\/a><\/span><\/span><span class=\"fusion-inline-sep\">|<\/span><span class=\"updated\" style=\"display:none;\">2026-04-28T16:11:31+02:00<\/span><span>abril 24th, 2026<\/span><span class=\"fusion-inline-sep\">|<\/span>Categories: <a href=\"https:\/\/www.realclubmaritimomelilla.es\/clmar\/category\/seccion-baloncesto\/\" rel=\"category tag\">Secci\u00f3n Baloncesto<\/a><span class=\"fusion-inline-sep\">|<\/span><span class=\"fusion-comments\"><a href=\"https:\/\/www.realclubmaritimomelilla.es\/clmar\/el-real-club-maritimo-de-melilla-participa-en-el-all-star-minibasket-de-la-fundacion-unicaja-en-malaga\/#respond\">0 Comments<\/a><\/span><\/p><div class=\"fusion-post-content-container\"><p>El Real Club Mar\u00edtimo de Melilla toma parte este fin de semana en el All-Star Minibasket organizado por la Fundaci\u00f3n Unicaja, una cita que celebra su decimonovena edici\u00f3n y que [...]<\/p><\/div><\/div><div class=\"fusion-clearfix\"><\/div><div class=\"fusion-meta-info\"><div class=\"fusion-alignright\"><a class=\"fusion-read-more\" href=\"https:\/\/www.realclubmaritimomelilla.es\/clmar\/el-real-club-maritimo-de-melilla-participa-en-el-all-star-minibasket-de-la-fundacion-unicaja-en-malaga\/\" aria-label=\"More on El RCMM participa en el All-Star Minibasket en M\u00e1laga\">Read More<\/a><\/div><\/div><\/article>\n<\/div><div class=\"pagination clearfix\"><span class=\"current\">1<\/span><a href=\"https:\/\/www.realclubmaritimomelilla.es\/clmar\/wp-json\/wp\/v2\/pages\/3700\/page\/2\/\" class=\"inactive\">2<\/a><a class=\"pagination-next\" rel=\"next\" href=\"https:\/\/www.realclubmaritimomelilla.es\/clmar\/wp-json\/wp\/v2\/pages\/3700\/page\/2\/\"><span class=\"page-text\">Siguiente<\/span><span class=\"page-next\"><\/span><\/a><\/div><div class=\"fusion-clearfix\"><\/div><\/div><div class=\"fusion-clearfix\"><\/div><\/div><\/div><\/div><style type=\"text\/css\">.fusion-fullwidth.fusion-builder-row-1 { overflow:visible; }<\/style><\/div>\n","protected":false},"excerpt":{"rendered":"","protected":false},"author":1,"featured_media":0,"parent":0,"menu_order":0,"comment_status":"open","ping_status":"closed","template":"","meta":{"_acf_changed":false,"footnotes":""},"class_list":["post-3700","page","type-page","status-publish","hentry"],"acf":[],"yoast_head":"<!-- This site is optimized with the Yoast SEO plugin v27.5 - https:\/\/yoast.com\/product\/yoast-seo-wordpress\/ -->\n<title>Medium Alternate - Real Club Mar\u00edtimo de Melilla<\/title>\n<meta name=\"description\" content=\"Medium Alternate -\" \/>\n<meta name=\"robots\" content=\"index, follow, max-snippet:-1, max-image-preview:large, max-video-preview:-1\" \/>\n<link rel=\"canonical\" href=\"https:\/\/www.realclubmaritimomelilla.es\/clmar\/medium-alternate\/\" \/>\n<meta property=\"og:locale\" content=\"es_ES\" \/>\n<meta property=\"og:type\" content=\"article\" \/>\n<meta property=\"og:title\" content=\"Medium Alternate - Real Club Mar\u00edtimo de Melilla\" \/>\n<meta property=\"og:description\" content=\"Medium Alternate -\" \/>\n<meta property=\"og:url\" content=\"https:\/\/www.realclubmaritimomelilla.es\/clmar\/medium-alternate\/\" \/>\n<meta property=\"og:site_name\" content=\"Real Club Mar\u00edtimo de Melilla\" \/>\n<meta property=\"article:publisher\" content=\"https:\/\/www.facebook.com\/Real-Club-Mar%c3%adtimo-de-Melilla-588495841234214\/\" \/>\n<meta property=\"article:modified_time\" content=\"2021-07-20T09:38:39+00:00\" \/>\n<meta name=\"twitter:card\" content=\"summary_large_image\" \/>\n<meta name=\"twitter:site\" content=\"@nauticarcmm\" \/>\n<meta name=\"twitter:label1\" content=\"Tiempo de lectura\" \/>\n\t<meta name=\"twitter:data1\" content=\"1 minuto\" \/>\n<script type=\"application\/ld+json\" class=\"yoast-schema-graph\">{\"@context\":\"https:\\\/\\\/schema.org\",\"@graph\":[{\"@type\":\"WebPage\",\"@id\":\"https:\\\/\\\/www.realclubmaritimomelilla.es\\\/clmar\\\/medium-alternate\\\/\",\"url\":\"https:\\\/\\\/www.realclubmaritimomelilla.es\\\/clmar\\\/medium-alternate\\\/\",\"name\":\"Medium Alternate - Real Club Mar\u00edtimo de Melilla\",\"isPartOf\":{\"@id\":\"https:\\\/\\\/www.realclubmaritimomelilla.es\\\/clmar\\\/#website\"},\"datePublished\":\"2013-05-24T20:06:54+00:00\",\"dateModified\":\"2021-07-20T09:38:39+00:00\",\"description\":\"Medium Alternate -\",\"breadcrumb\":{\"@id\":\"https:\\\/\\\/www.realclubmaritimomelilla.es\\\/clmar\\\/medium-alternate\\\/#breadcrumb\"},\"inLanguage\":\"es\",\"potentialAction\":[{\"@type\":\"ReadAction\",\"target\":[\"https:\\\/\\\/www.realclubmaritimomelilla.es\\\/clmar\\\/medium-alternate\\\/\"]}]},{\"@type\":\"BreadcrumbList\",\"@id\":\"https:\\\/\\\/www.realclubmaritimomelilla.es\\\/clmar\\\/medium-alternate\\\/#breadcrumb\",\"itemListElement\":[{\"@type\":\"ListItem\",\"position\":1,\"name\":\"Portada\",\"item\":\"https:\\\/\\\/www.realclubmaritimomelilla.es\\\/clmar\\\/\"},{\"@type\":\"ListItem\",\"position\":2,\"name\":\"Medium Alternate\"}]},{\"@type\":\"WebSite\",\"@id\":\"https:\\\/\\\/www.realclubmaritimomelilla.es\\\/clmar\\\/#website\",\"url\":\"https:\\\/\\\/www.realclubmaritimomelilla.es\\\/clmar\\\/\",\"name\":\"Real Club Mar\u00edtimo de Melilla\",\"description\":\"RCMM\",\"publisher\":{\"@id\":\"https:\\\/\\\/www.realclubmaritimomelilla.es\\\/clmar\\\/#organization\"},\"alternateName\":\"RCMM\",\"potentialAction\":[{\"@type\":\"SearchAction\",\"target\":{\"@type\":\"EntryPoint\",\"urlTemplate\":\"https:\\\/\\\/www.realclubmaritimomelilla.es\\\/clmar\\\/?s={search_term_string}\"},\"query-input\":{\"@type\":\"PropertyValueSpecification\",\"valueRequired\":true,\"valueName\":\"search_term_string\"}}],\"inLanguage\":\"es\"},{\"@type\":\"Organization\",\"@id\":\"https:\\\/\\\/www.realclubmaritimomelilla.es\\\/clmar\\\/#organization\",\"name\":\"Real Club Mar\u00edtimo de Melilla\",\"alternateName\":\"RCMM\",\"url\":\"https:\\\/\\\/www.realclubmaritimomelilla.es\\\/clmar\\\/\",\"logo\":{\"@type\":\"ImageObject\",\"inLanguage\":\"es\",\"@id\":\"https:\\\/\\\/www.realclubmaritimomelilla.es\\\/clmar\\\/#\\\/schema\\\/logo\\\/image\\\/\",\"url\":\"https:\\\/\\\/www.realclubmaritimomelilla.es\\\/clmar\\\/wp-content\\\/uploads\\\/logo-club-original-copia.jpg\",\"contentUrl\":\"https:\\\/\\\/www.realclubmaritimomelilla.es\\\/clmar\\\/wp-content\\\/uploads\\\/logo-club-original-copia.jpg\",\"width\":128,\"height\":89,\"caption\":\"Real Club Mar\u00edtimo de Melilla\"},\"image\":{\"@id\":\"https:\\\/\\\/www.realclubmaritimomelilla.es\\\/clmar\\\/#\\\/schema\\\/logo\\\/image\\\/\"},\"sameAs\":[\"https:\\\/\\\/www.facebook.com\\\/Real-Club-Mar\u00edtimo-de-Melilla-588495841234214\\\/\",\"https:\\\/\\\/x.com\\\/nauticarcmm\",\"https:\\\/\\\/www.instagram.com\\\/club_maritimo_melilla\\\/\",\"https:\\\/\\\/www.youtube.com\\\/@realclubmaritimodemelilla4703\",\"https:\\\/\\\/es.wikipedia.org\\\/wiki\\\/Real_Club_Mar\u00edtimo_de_Melilla\"]}]}<\/script>\n<!-- \/ Yoast SEO plugin. -->","yoast_head_json":{"title":"Medium Alternate - Real Club Mar\u00edtimo de Melilla","description":"Medium Alternate -","robots":{"index":"index","follow":"follow","max-snippet":"max-snippet:-1","max-image-preview":"max-image-preview:large","max-video-preview":"max-video-preview:-1"},"canonical":"https:\/\/www.realclubmaritimomelilla.es\/clmar\/medium-alternate\/","og_locale":"es_ES","og_type":"article","og_title":"Medium Alternate - Real Club Mar\u00edtimo de Melilla","og_description":"Medium Alternate -","og_url":"https:\/\/www.realclubmaritimomelilla.es\/clmar\/medium-alternate\/","og_site_name":"Real Club Mar\u00edtimo de Melilla","article_publisher":"https:\/\/www.facebook.com\/Real-Club-Mar%c3%adtimo-de-Melilla-588495841234214\/","article_modified_time":"2021-07-20T09:38:39+00:00","twitter_card":"summary_large_image","twitter_site":"@nauticarcmm","twitter_misc":{"Tiempo de lectura":"1 minuto"},"schema":{"@context":"https:\/\/schema.org","@graph":[{"@type":"WebPage","@id":"https:\/\/www.realclubmaritimomelilla.es\/clmar\/medium-alternate\/","url":"https:\/\/www.realclubmaritimomelilla.es\/clmar\/medium-alternate\/","name":"Medium Alternate - Real Club Mar\u00edtimo de Melilla","isPartOf":{"@id":"https:\/\/www.realclubmaritimomelilla.es\/clmar\/#website"},"datePublished":"2013-05-24T20:06:54+00:00","dateModified":"2021-07-20T09:38:39+00:00","description":"Medium Alternate -","breadcrumb":{"@id":"https:\/\/www.realclubmaritimomelilla.es\/clmar\/medium-alternate\/#breadcrumb"},"inLanguage":"es","potentialAction":[{"@type":"ReadAction","target":["https:\/\/www.realclubmaritimomelilla.es\/clmar\/medium-alternate\/"]}]},{"@type":"BreadcrumbList","@id":"https:\/\/www.realclubmaritimomelilla.es\/clmar\/medium-alternate\/#breadcrumb","itemListElement":[{"@type":"ListItem","position":1,"name":"Portada","item":"https:\/\/www.realclubmaritimomelilla.es\/clmar\/"},{"@type":"ListItem","position":2,"name":"Medium Alternate"}]},{"@type":"WebSite","@id":"https:\/\/www.realclubmaritimomelilla.es\/clmar\/#website","url":"https:\/\/www.realclubmaritimomelilla.es\/clmar\/","name":"Real Club Mar\u00edtimo de Melilla","description":"RCMM","publisher":{"@id":"https:\/\/www.realclubmaritimomelilla.es\/clmar\/#organization"},"alternateName":"RCMM","potentialAction":[{"@type":"SearchAction","target":{"@type":"EntryPoint","urlTemplate":"https:\/\/www.realclubmaritimomelilla.es\/clmar\/?s={search_term_string}"},"query-input":{"@type":"PropertyValueSpecification","valueRequired":true,"valueName":"search_term_string"}}],"inLanguage":"es"},{"@type":"Organization","@id":"https:\/\/www.realclubmaritimomelilla.es\/clmar\/#organization","name":"Real Club Mar\u00edtimo de Melilla","alternateName":"RCMM","url":"https:\/\/www.realclubmaritimomelilla.es\/clmar\/","logo":{"@type":"ImageObject","inLanguage":"es","@id":"https:\/\/www.realclubmaritimomelilla.es\/clmar\/#\/schema\/logo\/image\/","url":"https:\/\/www.realclubmaritimomelilla.es\/clmar\/wp-content\/uploads\/logo-club-original-copia.jpg","contentUrl":"https:\/\/www.realclubmaritimomelilla.es\/clmar\/wp-content\/uploads\/logo-club-original-copia.jpg","width":128,"height":89,"caption":"Real Club Mar\u00edtimo de Melilla"},"image":{"@id":"https:\/\/www.realclubmaritimomelilla.es\/clmar\/#\/schema\/logo\/image\/"},"sameAs":["https:\/\/www.facebook.com\/Real-Club-Mar\u00edtimo-de-Melilla-588495841234214\/","https:\/\/x.com\/nauticarcmm","https:\/\/www.instagram.com\/club_maritimo_melilla\/","https:\/\/www.youtube.com\/@realclubmaritimodemelilla4703","https:\/\/es.wikipedia.org\/wiki\/Real_Club_Mar\u00edtimo_de_Melilla"]}]}},"_links":{"self":[{"href":"https:\/\/www.realclubmaritimomelilla.es\/clmar\/wp-json\/wp\/v2\/pages\/3700","targetHints":{"allow":["GET"]}}],"collection":[{"href":"https:\/\/www.realclubmaritimomelilla.es\/clmar\/wp-json\/wp\/v2\/pages"}],"about":[{"href":"https:\/\/www.realclubmaritimomelilla.es\/clmar\/wp-json\/wp\/v2\/types\/page"}],"author":[{"embeddable":true,"href":"https:\/\/www.realclubmaritimomelilla.es\/clmar\/wp-json\/wp\/v2\/users\/1"}],"replies":[{"embeddable":true,"href":"https:\/\/www.realclubmaritimomelilla.es\/clmar\/wp-json\/wp\/v2\/comments?post=3700"}],"version-history":[{"count":1,"href":"https:\/\/www.realclubmaritimomelilla.es\/clmar\/wp-json\/wp\/v2\/pages\/3700\/revisions"}],"predecessor-version":[{"id":15933,"href":"https:\/\/www.realclubmaritimomelilla.es\/clmar\/wp-json\/wp\/v2\/pages\/3700\/revisions\/15933"}],"wp:attachment":[{"href":"https:\/\/www.realclubmaritimomelilla.es\/clmar\/wp-json\/wp\/v2\/media?parent=3700"}],"curies":[{"name":"wp","href":"https:\/\/api.w.org\/{rel}","templated":true}]}}