{"id":3658,"date":"2013-05-24T19:56:57","date_gmt":"2013-05-24T19:56:57","guid":{"rendered":"http:\/\/theme-fusion.com\/avadaxml\/?page_id=3658"},"modified":"2021-07-20T11:38:40","modified_gmt":"2021-07-20T09:38:40","slug":"home-blog-style-1","status":"publish","type":"page","link":"https:\/\/www.realclubmaritimomelilla.es\/clmar\/home-blog-style-1\/","title":{"rendered":"Home Blog Style 1"},"content":{"rendered":"<div class=\"fusion-fullwidth fullwidth-box fusion-builder-row-1 hundred-percent-fullwidth non-hundred-percent-height-scrolling\" style=\"background-color: #ffffff;background-position: center center;background-repeat: no-repeat;padding-top:0px;padding-right:0px;padding-bottom:0px;padding-left:0px;margin-bottom: 0px;margin-top: 0px;border-width: 0px 0px 0px 0px;border-color:#eae9e9;border-style:solid;\" ><div class=\"fusion-builder-row fusion-row\"><div class=\"fusion-layout-column fusion_builder_column fusion-builder-column-0 fusion_builder_column_1_1 1_1 fusion-one-full fusion-column-first fusion-column-last fusion-column-no-min-height\" style=\"margin-top:0px;margin-bottom:0px;\"><div class=\"fusion-column-wrapper fusion-flex-column-wrapper-legacy\" style=\"background-position:left top;background-repeat:no-repeat;-webkit-background-size:cover;-moz-background-size:cover;-o-background-size:cover;background-size:cover;padding: 0px 0px 0px 0px;\"><div class=\"fusion-post-slider fusion-flexslider fusion-flexslider-loading flexslider-posts\"><ul class=\"slides\"><li><a href=\"https:\/\/www.realclubmaritimomelilla.es\/clmar\/gran-experiencia-del-rcmm-en-el-all-star-minibasket-de-la-fundacion-unicaja\/\" aria-label=\"Gran experiencia del RCMM en el All-Star Minibasket de la Fundaci\u00f3n Unicaja\"><img decoding=\"async\" width=\"778\" height=\"686\" class=\"wp-image-27750\" src=\"https:\/\/www.realclubmaritimomelilla.es\/clmar\/wp-content\/uploads\/equipo-baloncesto.webp\" alt=\"\" srcset=\"https:\/\/www.realclubmaritimomelilla.es\/clmar\/wp-content\/uploads\/equipo-baloncesto-200x176.webp 200w, https:\/\/www.realclubmaritimomelilla.es\/clmar\/wp-content\/uploads\/equipo-baloncesto-300x265.webp 300w, https:\/\/www.realclubmaritimomelilla.es\/clmar\/wp-content\/uploads\/equipo-baloncesto-400x353.webp 400w, https:\/\/www.realclubmaritimomelilla.es\/clmar\/wp-content\/uploads\/equipo-baloncesto-600x529.webp 600w, https:\/\/www.realclubmaritimomelilla.es\/clmar\/wp-content\/uploads\/equipo-baloncesto-768x677.webp 768w, https:\/\/www.realclubmaritimomelilla.es\/clmar\/wp-content\/uploads\/equipo-baloncesto.webp 778w\" sizes=\"(max-width: 800px) 100vw, 778px\" \/><\/a><div class=\"slide-excerpt\"><h2><a href=\"https:\/\/www.realclubmaritimomelilla.es\/clmar\/gran-experiencia-del-rcmm-en-el-all-star-minibasket-de-la-fundacion-unicaja\/\">Gran experiencia del RCMM en el All-Star Minibasket de la Fundaci\u00f3n Unicaja<\/a><\/h2><\/div><\/li><li><a href=\"https:\/\/www.realclubmaritimomelilla.es\/clmar\/el-rcmm-presente-en-el-campeonato-de-espana-de-snipe-juvenil-2026-en-malaga\/\" aria-label=\"El RCMM, presente en el Campeonato de Espa\u00f1a de Snipe Juvenil 2026 en M\u00e1laga\"><img decoding=\"async\" width=\"881\" height=\"594\" class=\"wp-image-27747\" src=\"https:\/\/www.realclubmaritimomelilla.es\/clmar\/wp-content\/uploads\/regatistas-club.webp\" alt=\"\" srcset=\"https:\/\/www.realclubmaritimomelilla.es\/clmar\/wp-content\/uploads\/regatistas-club-200x135.webp 200w, https:\/\/www.realclubmaritimomelilla.es\/clmar\/wp-content\/uploads\/regatistas-club-300x202.webp 300w, https:\/\/www.realclubmaritimomelilla.es\/clmar\/wp-content\/uploads\/regatistas-club-400x270.webp 400w, https:\/\/www.realclubmaritimomelilla.es\/clmar\/wp-content\/uploads\/regatistas-club-600x405.webp 600w, https:\/\/www.realclubmaritimomelilla.es\/clmar\/wp-content\/uploads\/regatistas-club-768x518.webp 768w, https:\/\/www.realclubmaritimomelilla.es\/clmar\/wp-content\/uploads\/regatistas-club-800x539.webp 800w, https:\/\/www.realclubmaritimomelilla.es\/clmar\/wp-content\/uploads\/regatistas-club.webp 881w\" sizes=\"(max-width: 800px) 100vw, 881px\" \/><\/a><div class=\"slide-excerpt\"><h2><a href=\"https:\/\/www.realclubmaritimomelilla.es\/clmar\/el-rcmm-presente-en-el-campeonato-de-espana-de-snipe-juvenil-2026-en-malaga\/\">El RCMM, presente en el Campeonato de Espa\u00f1a de Snipe Juvenil 2026 en M\u00e1laga<\/a><\/h2><\/div><\/li><li><a href=\"https:\/\/www.realclubmaritimomelilla.es\/clmar\/el-rcmm-buscara-en-madrid-su-pase-al-campeonato-de-espana-de-clubes\/\" aria-label=\"El RCMM buscar\u00e1 en Madrid su pase al Campeonato de Espa\u00f1a de Clubes\"><img decoding=\"async\" width=\"727\" height=\"591\" class=\"wp-image-27744\" src=\"https:\/\/www.realclubmaritimomelilla.es\/clmar\/wp-content\/uploads\/cartel-padel-1.webp\" alt=\"\" srcset=\"https:\/\/www.realclubmaritimomelilla.es\/clmar\/wp-content\/uploads\/cartel-padel-1-200x163.webp 200w, https:\/\/www.realclubmaritimomelilla.es\/clmar\/wp-content\/uploads\/cartel-padel-1-300x244.webp 300w, https:\/\/www.realclubmaritimomelilla.es\/clmar\/wp-content\/uploads\/cartel-padel-1-400x325.webp 400w, https:\/\/www.realclubmaritimomelilla.es\/clmar\/wp-content\/uploads\/cartel-padel-1-600x488.webp 600w, https:\/\/www.realclubmaritimomelilla.es\/clmar\/wp-content\/uploads\/cartel-padel-1.webp 727w\" sizes=\"(max-width: 800px) 100vw, 727px\" \/><\/a><div class=\"slide-excerpt\"><h2><a href=\"https:\/\/www.realclubmaritimomelilla.es\/clmar\/el-rcmm-buscara-en-madrid-su-pase-al-campeonato-de-espana-de-clubes\/\">El RCMM buscar\u00e1 en Madrid su pase al Campeonato de Espa\u00f1a de Clubes<\/a><\/h2><\/div><\/li><\/ul><\/div><div class=\"fusion-sep-clear\"><\/div><div class=\"fusion-separator fusion-full-width-sep\" style=\"margin-left: auto;margin-right: auto;margin-top:45px;width:100%;\"><\/div><div class=\"fusion-sep-clear\"><\/div><div class=\"fusion-clearfix\"><\/div><\/div><\/div><div class=\"fusion-layout-column fusion_builder_column fusion-builder-column-1 fusion_builder_column_1_1 1_1 fusion-one-full fusion-column-first fusion-column-last fusion-column-no-min-height\" style=\"margin-top:0px;margin-bottom:0px;\"><div class=\"fusion-column-wrapper fusion-flex-column-wrapper-legacy\" style=\"background-position:left top;background-repeat:no-repeat;-webkit-background-size:cover;-moz-background-size:cover;-o-background-size:cover;background-size:cover;padding: 0px 0px 0px 0px;\"><style type='text\/css'>.reading-box-container-1 .element-bottomshadow:before,.reading-box-container-1 .element-bottomshadow:after{opacity:0.7;}<\/style><div class=\"fusion-reading-box-container reading-box-container-1 fusion-animated\" data-animationType=\"fadeInUp\" data-animationDuration=\"1\" data-animationOffset=\"top-into-view\" style=\"margin-top:0px;margin-bottom:20px;\"><div class=\"reading-box\" style=\"background-color:#f6f6f6;border-width:1px;border-color:#e5e4e4;border-left-width:3px;border-left-color:var(--primary_color);border-style:solid;\"><h2>Avada includes a blog shortcode you can use anywhere on the site!<\/h2><div class=\"reading-box-description fusion-reading-box-additional\">This blog shortcode was submitted by Markus, one of our Avada users and now on our developing team! It just goes to show what an awesome community we have, everyone is willing to help &amp; share ideas.  Dont wait, be a part of the Avada community today!<\/div><div class=\"fusion-clearfix\"><\/div><\/div><\/div><div class=\"fusion-sep-clear\"><\/div><div class=\"fusion-separator fusion-full-width-sep\" style=\"margin-left: auto;margin-right: auto;margin-top:-30px;width:100%;\"><\/div><div class=\"fusion-sep-clear\"><\/div><div class=\"fusion-clearfix\"><\/div><\/div><\/div><div class=\"fusion-layout-column fusion_builder_column fusion-builder-column-2 fusion_builder_column_1_1 1_1 fusion-one-full fusion-column-first fusion-column-last fusion-column-no-min-height\" style=\"margin-top:0px;margin-bottom:0px;\"><div class=\"fusion-column-wrapper fusion-flex-column-wrapper-legacy\" style=\"background-position:left top;background-repeat:no-repeat;-webkit-background-size:cover;-moz-background-size:cover;-o-background-size:cover;background-size:cover;padding: 0px 0px 0px 0px;\"><div class=\"fusion-blog-shortcode fusion-blog-shortcode-1 fusion-blog-archive fusion-blog-layout-grid-wrapper fusion-blog-infinite\"><style type=\"text\/css\">.fusion-blog-shortcode-1 .fusion-blog-layout-grid .fusion-post-grid{padding:20px;}.fusion-blog-shortcode-1 .fusion-posts-container{margin-left: -20px !important; margin-right:-20px !important;}<\/style><div class=\"fusion-posts-container fusion-posts-container-infinite fusion-blog-rollover fusion-blog-layout-grid fusion-blog-layout-grid-2 isotope\" data-pages=\"283\" data-grid-col-space=\"40\" style=\"margin: -20px -20px 0;min-height:500px;\"><article id=\"blog-1-post-27749\" class=\"fusion-post-grid post-27749 post type-post status-publish format-standard has-post-thumbnail hentry category-sin-categoria\">\n<div class=\"fusion-post-wrapper\" style=\"background-color:rgba(255,255,255,0);border:1px solid #ebeaea;border-bottom-width:3px;\">\r\n\r\n\t\t\t<div class=\"fusion-flexslider flexslider fusion-flexslider-loading fusion-post-slideshow\" style=\"border-color:#ebeaea;\">\r\n\t\t<ul class=\"slides\">\r\n\t\t\t\r\n\t\t\t\t\t\t\t\t\t\t\t\t\t\t<li><div  class=\"fusion-image-wrapper\" aria-haspopup=\"true\">\r\n\t\t\t\t  <img decoding=\"async\" width=\"778\" height=\"686\" src=\"https:\/\/www.realclubmaritimomelilla.es\/clmar\/wp-content\/uploads\/equipo-baloncesto.webp\" class=\"attachment-full size-full wp-post-image\" alt=\"\" srcset=\"https:\/\/www.realclubmaritimomelilla.es\/clmar\/wp-content\/uploads\/equipo-baloncesto-200x176.webp 200w, https:\/\/www.realclubmaritimomelilla.es\/clmar\/wp-content\/uploads\/equipo-baloncesto-300x265.webp 300w, https:\/\/www.realclubmaritimomelilla.es\/clmar\/wp-content\/uploads\/equipo-baloncesto-400x353.webp 400w, https:\/\/www.realclubmaritimomelilla.es\/clmar\/wp-content\/uploads\/equipo-baloncesto-600x529.webp 600w, https:\/\/www.realclubmaritimomelilla.es\/clmar\/wp-content\/uploads\/equipo-baloncesto-768x677.webp 768w, https:\/\/www.realclubmaritimomelilla.es\/clmar\/wp-content\/uploads\/equipo-baloncesto.webp 778w\" sizes=\"(min-width: 2200px) 100vw, (min-width: 732px) 530px, (min-width: 640px) 732px, \" \/><div class=\"fusion-rollover\">\r\n\t<div class=\"fusion-rollover-content\">\r\n\r\n\t\t\t\t\r\n\t\t\r\n\t\t\t\t\t\t\t\t\t\t\t\t<h4 class=\"fusion-rollover-title\">\r\n\t\t\t\t\t<a class=\"fusion-rollover-title-link\" href=\"https:\/\/www.realclubmaritimomelilla.es\/clmar\/gran-experiencia-del-rcmm-en-el-all-star-minibasket-de-la-fundacion-unicaja\/\">\r\n\t\t\t\t\t\tGran experiencia del RCMM en el All-Star Minibasket de la Fundaci\u00f3n Unicaja\t\t\t\t\t<\/a>\r\n\t\t\t\t<\/h4>\r\n\t\t\t\r\n\t\t\t\t\t\t\t\t\t\t<div class=\"fusion-rollover-categories\"><a href=\"https:\/\/www.realclubmaritimomelilla.es\/clmar\/category\/sin-categoria\/\" rel=\"tag\">Sin categor\u00eda<\/a><\/div>\t\t\t\t\t\r\n\t\t\r\n\t\t\t\t\t\t<a class=\"fusion-link-wrapper\" href=\"https:\/\/www.realclubmaritimomelilla.es\/clmar\/gran-experiencia-del-rcmm-en-el-all-star-minibasket-de-la-fundacion-unicaja\/\" aria-label=\"Gran experiencia del RCMM en el All-Star Minibasket de la Fundaci\u00f3n Unicaja\"><\/a>\r\n\t<\/div>\r\n<\/div>\r\n<\/div>\r\n<\/li>\r\n\t\t\t\r\n\t\t\t\r\n\t\t\t\t\t\t\t\t\t\t\t\t\t\t\t\t\t\t\t\t\t\t\t\t\t\t\t\t\t\t\t\t\t\t\t\t\t\t\t\t\t\t\t\t\t\t\t\t\t\t\t\t\t\t\t\t\t\t\t\t\t\t\t\t\t\t\t\t<\/ul>\r\n\t<\/div>\r\n\t<div class=\"fusion-post-content-wrapper\" style=\"padding:30px 25px 25px 25px;\"><div class=\"fusion-post-content post-content\"><h2 class=\"blog-shortcode-post-title entry-title\"><a href=\"https:\/\/www.realclubmaritimomelilla.es\/clmar\/gran-experiencia-del-rcmm-en-el-all-star-minibasket-de-la-fundacion-unicaja\/\">Gran experiencia del RCMM en el All-Star Minibasket de la Fundaci\u00f3n Unicaja<\/a><\/h2><p class=\"fusion-single-line-meta\">By <span class=\"vcard\"><span class=\"fn\"><a href=\"https:\/\/www.realclubmaritimomelilla.es\/clmar\/author\/rcmmelilla2017\/\" title=\"Entradas de RCMMelilla\" rel=\"author\">RCMMelilla<\/a><\/span><\/span><span class=\"fusion-inline-sep\">|<\/span><span class=\"updated\" style=\"display:none;\">2026-04-30T14:25:53+02:00<\/span><span>abril 30th, 2026<\/span><span class=\"fusion-inline-sep\">|<\/span>Categories: <a href=\"https:\/\/www.realclubmaritimomelilla.es\/clmar\/category\/sin-categoria\/\" rel=\"category tag\">Sin categor\u00eda<\/a><span class=\"fusion-inline-sep\">|<\/span><\/p><div class=\"fusion-content-sep sep-double sep-solid\" style=\"border-color:#e0dede;\"><\/div><div class=\"fusion-post-content-container\"><p>El Real Club Mar\u00edtimo de Melilla ha completado un destacado fin de semana en el All-Star Minibasket organizado por la Fundaci\u00f3n Unicaja, celebrado en M\u00e1laga. El conjunto melillense compiti\u00f3 frente a algunos de los mejores [...]<\/p><\/div><\/div><div class=\"fusion-meta-info\"><div class=\"fusion-alignleft\"><a class=\"fusion-read-more\" href=\"https:\/\/www.realclubmaritimomelilla.es\/clmar\/gran-experiencia-del-rcmm-en-el-all-star-minibasket-de-la-fundacion-unicaja\/\" aria-label=\"More on Gran experiencia del RCMM en el All-Star Minibasket de la Fundaci\u00f3n Unicaja\">Read More<\/a><\/div><div class=\"fusion-alignright\"><a href=\"https:\/\/www.realclubmaritimomelilla.es\/clmar\/gran-experiencia-del-rcmm-en-el-all-star-minibasket-de-la-fundacion-unicaja\/#respond\"><i class=\"awb-icon-bubbles\" aria-hidden=\"true\"><\/i>&nbsp;0<\/a><\/div><\/div><\/div><div class=\"fusion-clearfix\"><\/div><\/div>\n<\/article>\n<article id=\"blog-1-post-27746\" class=\"fusion-post-grid post-27746 post type-post status-publish format-standard has-post-thumbnail hentry category-sin-categoria\">\n<div class=\"fusion-post-wrapper\" style=\"background-color:rgba(255,255,255,0);border:1px solid #ebeaea;border-bottom-width:3px;\">\r\n\r\n\t\t\t<div class=\"fusion-flexslider flexslider fusion-flexslider-loading fusion-post-slideshow\" style=\"border-color:#ebeaea;\">\r\n\t\t<ul class=\"slides\">\r\n\t\t\t\r\n\t\t\t\t\t\t\t\t\t\t\t\t\t\t<li><div  class=\"fusion-image-wrapper\" aria-haspopup=\"true\">\r\n\t\t\t\t  <img decoding=\"async\" width=\"881\" height=\"594\" src=\"https:\/\/www.realclubmaritimomelilla.es\/clmar\/wp-content\/uploads\/regatistas-club.webp\" class=\"attachment-full size-full wp-post-image\" alt=\"\" srcset=\"https:\/\/www.realclubmaritimomelilla.es\/clmar\/wp-content\/uploads\/regatistas-club-200x135.webp 200w, https:\/\/www.realclubmaritimomelilla.es\/clmar\/wp-content\/uploads\/regatistas-club-300x202.webp 300w, https:\/\/www.realclubmaritimomelilla.es\/clmar\/wp-content\/uploads\/regatistas-club-400x270.webp 400w, https:\/\/www.realclubmaritimomelilla.es\/clmar\/wp-content\/uploads\/regatistas-club-600x405.webp 600w, https:\/\/www.realclubmaritimomelilla.es\/clmar\/wp-content\/uploads\/regatistas-club-768x518.webp 768w, https:\/\/www.realclubmaritimomelilla.es\/clmar\/wp-content\/uploads\/regatistas-club-800x539.webp 800w, https:\/\/www.realclubmaritimomelilla.es\/clmar\/wp-content\/uploads\/regatistas-club.webp 881w\" sizes=\"(min-width: 2200px) 100vw, (min-width: 732px) 530px, (min-width: 640px) 732px, \" \/><div class=\"fusion-rollover\">\r\n\t<div class=\"fusion-rollover-content\">\r\n\r\n\t\t\t\t\r\n\t\t\r\n\t\t\t\t\t\t\t\t\t\t\t\t<h4 class=\"fusion-rollover-title\">\r\n\t\t\t\t\t<a class=\"fusion-rollover-title-link\" href=\"https:\/\/www.realclubmaritimomelilla.es\/clmar\/el-rcmm-presente-en-el-campeonato-de-espana-de-snipe-juvenil-2026-en-malaga\/\">\r\n\t\t\t\t\t\tEl RCMM, presente en el Campeonato de Espa\u00f1a de Snipe Juvenil 2026 en M\u00e1laga\t\t\t\t\t<\/a>\r\n\t\t\t\t<\/h4>\r\n\t\t\t\r\n\t\t\t\t\t\t\t\t\t\t<div class=\"fusion-rollover-categories\"><a href=\"https:\/\/www.realclubmaritimomelilla.es\/clmar\/category\/sin-categoria\/\" rel=\"tag\">Sin categor\u00eda<\/a><\/div>\t\t\t\t\t\r\n\t\t\r\n\t\t\t\t\t\t<a class=\"fusion-link-wrapper\" href=\"https:\/\/www.realclubmaritimomelilla.es\/clmar\/el-rcmm-presente-en-el-campeonato-de-espana-de-snipe-juvenil-2026-en-malaga\/\" aria-label=\"El RCMM, presente en el Campeonato de Espa\u00f1a de Snipe Juvenil 2026 en M\u00e1laga\"><\/a>\r\n\t<\/div>\r\n<\/div>\r\n<\/div>\r\n<\/li>\r\n\t\t\t\r\n\t\t\t\r\n\t\t\t\t\t\t\t\t\t\t\t\t\t\t\t\t\t\t\t\t\t\t\t\t\t\t\t\t\t\t\t\t\t\t\t\t\t\t\t\t\t\t\t\t\t\t\t\t\t\t\t\t\t\t\t\t\t\t\t\t\t\t\t\t\t\t\t\t<\/ul>\r\n\t<\/div>\r\n\t<div class=\"fusion-post-content-wrapper\" style=\"padding:30px 25px 25px 25px;\"><div class=\"fusion-post-content post-content\"><h2 class=\"blog-shortcode-post-title entry-title\"><a href=\"https:\/\/www.realclubmaritimomelilla.es\/clmar\/el-rcmm-presente-en-el-campeonato-de-espana-de-snipe-juvenil-2026-en-malaga\/\">El RCMM, presente en el Campeonato de Espa\u00f1a de Snipe Juvenil 2026 en M\u00e1laga<\/a><\/h2><p class=\"fusion-single-line-meta\">By <span class=\"vcard\"><span class=\"fn\"><a href=\"https:\/\/www.realclubmaritimomelilla.es\/clmar\/author\/rcmmelilla2017\/\" title=\"Entradas de RCMMelilla\" rel=\"author\">RCMMelilla<\/a><\/span><\/span><span class=\"fusion-inline-sep\">|<\/span><span class=\"updated\" style=\"display:none;\">2026-04-30T14:25:19+02:00<\/span><span>abril 30th, 2026<\/span><span class=\"fusion-inline-sep\">|<\/span>Categories: <a href=\"https:\/\/www.realclubmaritimomelilla.es\/clmar\/category\/sin-categoria\/\" rel=\"category tag\">Sin categor\u00eda<\/a><span class=\"fusion-inline-sep\">|<\/span><\/p><div class=\"fusion-content-sep sep-double sep-solid\" style=\"border-color:#e0dede;\"><\/div><div class=\"fusion-post-content-container\"><p>El Campeonato de Espa\u00f1a de Snipe Juvenil y Femenino 2026 se celebra del 30 de abril al 3 de mayo en el Real Club Mediterr\u00e1neo de M\u00e1laga, una cita clave dentro del calendario nacional de [...]<\/p><\/div><\/div><div class=\"fusion-meta-info\"><div class=\"fusion-alignleft\"><a class=\"fusion-read-more\" href=\"https:\/\/www.realclubmaritimomelilla.es\/clmar\/el-rcmm-presente-en-el-campeonato-de-espana-de-snipe-juvenil-2026-en-malaga\/\" aria-label=\"More on El RCMM, presente en el Campeonato de Espa\u00f1a de Snipe Juvenil 2026 en M\u00e1laga\">Read More<\/a><\/div><div class=\"fusion-alignright\"><a href=\"https:\/\/www.realclubmaritimomelilla.es\/clmar\/el-rcmm-presente-en-el-campeonato-de-espana-de-snipe-juvenil-2026-en-malaga\/#respond\"><i class=\"awb-icon-bubbles\" aria-hidden=\"true\"><\/i>&nbsp;0<\/a><\/div><\/div><\/div><div class=\"fusion-clearfix\"><\/div><\/div>\n<\/article>\n<article id=\"blog-1-post-27743\" class=\"fusion-post-grid post-27743 post type-post status-publish format-standard has-post-thumbnail hentry category-sin-categoria\">\n<div class=\"fusion-post-wrapper\" style=\"background-color:rgba(255,255,255,0);border:1px solid #ebeaea;border-bottom-width:3px;\">\r\n\r\n\t\t\t<div class=\"fusion-flexslider flexslider fusion-flexslider-loading fusion-post-slideshow\" style=\"border-color:#ebeaea;\">\r\n\t\t<ul class=\"slides\">\r\n\t\t\t\r\n\t\t\t\t\t\t\t\t\t\t\t\t\t\t<li><div  class=\"fusion-image-wrapper\" aria-haspopup=\"true\">\r\n\t\t\t\t  <img decoding=\"async\" width=\"727\" height=\"591\" src=\"https:\/\/www.realclubmaritimomelilla.es\/clmar\/wp-content\/uploads\/cartel-padel-1.webp\" class=\"attachment-full size-full wp-post-image\" alt=\"\" srcset=\"https:\/\/www.realclubmaritimomelilla.es\/clmar\/wp-content\/uploads\/cartel-padel-1-200x163.webp 200w, https:\/\/www.realclubmaritimomelilla.es\/clmar\/wp-content\/uploads\/cartel-padel-1-300x244.webp 300w, https:\/\/www.realclubmaritimomelilla.es\/clmar\/wp-content\/uploads\/cartel-padel-1-400x325.webp 400w, https:\/\/www.realclubmaritimomelilla.es\/clmar\/wp-content\/uploads\/cartel-padel-1-600x488.webp 600w, https:\/\/www.realclubmaritimomelilla.es\/clmar\/wp-content\/uploads\/cartel-padel-1.webp 727w\" sizes=\"(min-width: 2200px) 100vw, (min-width: 732px) 530px, (min-width: 640px) 732px, \" \/><div class=\"fusion-rollover\">\r\n\t<div class=\"fusion-rollover-content\">\r\n\r\n\t\t\t\t\r\n\t\t\r\n\t\t\t\t\t\t\t\t\t\t\t\t<h4 class=\"fusion-rollover-title\">\r\n\t\t\t\t\t<a class=\"fusion-rollover-title-link\" href=\"https:\/\/www.realclubmaritimomelilla.es\/clmar\/el-rcmm-buscara-en-madrid-su-pase-al-campeonato-de-espana-de-clubes\/\">\r\n\t\t\t\t\t\tEl RCMM buscar\u00e1 en Madrid su pase al Campeonato de Espa\u00f1a de Clubes\t\t\t\t\t<\/a>\r\n\t\t\t\t<\/h4>\r\n\t\t\t\r\n\t\t\t\t\t\t\t\t\t\t<div class=\"fusion-rollover-categories\"><a href=\"https:\/\/www.realclubmaritimomelilla.es\/clmar\/category\/sin-categoria\/\" rel=\"tag\">Sin categor\u00eda<\/a><\/div>\t\t\t\t\t\r\n\t\t\r\n\t\t\t\t\t\t<a class=\"fusion-link-wrapper\" href=\"https:\/\/www.realclubmaritimomelilla.es\/clmar\/el-rcmm-buscara-en-madrid-su-pase-al-campeonato-de-espana-de-clubes\/\" aria-label=\"El RCMM buscar\u00e1 en Madrid su pase al Campeonato de Espa\u00f1a de Clubes\"><\/a>\r\n\t<\/div>\r\n<\/div>\r\n<\/div>\r\n<\/li>\r\n\t\t\t\r\n\t\t\t\r\n\t\t\t\t\t\t\t\t\t\t\t\t\t\t\t\t\t\t\t\t\t\t\t\t\t\t\t\t\t\t\t\t\t\t\t\t\t\t\t\t\t\t\t\t\t\t\t\t\t\t\t\t\t\t\t\t\t\t\t\t\t\t\t\t\t\t\t\t<\/ul>\r\n\t<\/div>\r\n\t<div class=\"fusion-post-content-wrapper\" style=\"padding:30px 25px 25px 25px;\"><div class=\"fusion-post-content post-content\"><h2 class=\"blog-shortcode-post-title entry-title\"><a href=\"https:\/\/www.realclubmaritimomelilla.es\/clmar\/el-rcmm-buscara-en-madrid-su-pase-al-campeonato-de-espana-de-clubes\/\">El RCMM buscar\u00e1 en Madrid su pase al Campeonato de Espa\u00f1a de Clubes<\/a><\/h2><p class=\"fusion-single-line-meta\">By <span class=\"vcard\"><span class=\"fn\"><a href=\"https:\/\/www.realclubmaritimomelilla.es\/clmar\/author\/rcmmelilla2017\/\" title=\"Entradas de RCMMelilla\" rel=\"author\">RCMMelilla<\/a><\/span><\/span><span class=\"fusion-inline-sep\">|<\/span><span class=\"updated\" style=\"display:none;\">2026-04-30T14:24:52+02:00<\/span><span>abril 30th, 2026<\/span><span class=\"fusion-inline-sep\">|<\/span>Categories: <a href=\"https:\/\/www.realclubmaritimomelilla.es\/clmar\/category\/sin-categoria\/\" rel=\"category tag\">Sin categor\u00eda<\/a><span class=\"fusion-inline-sep\">|<\/span><\/p><div class=\"fusion-content-sep sep-double sep-solid\" style=\"border-color:#e0dede;\"><\/div><div class=\"fusion-post-content-container\"><p>El Real Club Mar\u00edtimo de Melilla disputar\u00e1 del 8 al 10 de mayo la fase previa del Campeonato de Espa\u00f1a de Clubes de Tercera Categor\u00eda Absoluta, que tendr\u00e1 lugar en el Club Padel Indoor Alcal\u00e1. [...]<\/p><\/div><\/div><div class=\"fusion-meta-info\"><div class=\"fusion-alignleft\"><a class=\"fusion-read-more\" href=\"https:\/\/www.realclubmaritimomelilla.es\/clmar\/el-rcmm-buscara-en-madrid-su-pase-al-campeonato-de-espana-de-clubes\/\" aria-label=\"More on El RCMM buscar\u00e1 en Madrid su pase al Campeonato de Espa\u00f1a de Clubes\">Read More<\/a><\/div><div class=\"fusion-alignright\"><a href=\"https:\/\/www.realclubmaritimomelilla.es\/clmar\/el-rcmm-buscara-en-madrid-su-pase-al-campeonato-de-espana-de-clubes\/#respond\"><i class=\"awb-icon-bubbles\" aria-hidden=\"true\"><\/i>&nbsp;0<\/a><\/div><\/div><\/div><div class=\"fusion-clearfix\"><\/div><\/div>\n<\/article>\n<article id=\"blog-1-post-27739\" class=\"fusion-post-grid post-27739 post type-post status-publish format-standard has-post-thumbnail hentry category-sin-categoria\">\n<div class=\"fusion-post-wrapper\" style=\"background-color:rgba(255,255,255,0);border:1px solid #ebeaea;border-bottom-width:3px;\">\r\n\r\n\t\t\t<div class=\"fusion-flexslider flexslider fusion-flexslider-loading fusion-post-slideshow\" style=\"border-color:#ebeaea;\">\r\n\t\t<ul class=\"slides\">\r\n\t\t\t\r\n\t\t\t\t\t\t\t\t\t\t\t\t\t\t<li><div  class=\"fusion-image-wrapper\" aria-haspopup=\"true\">\r\n\t\t\t\t  <img decoding=\"async\" width=\"635\" height=\"900\" src=\"https:\/\/www.realclubmaritimomelilla.es\/clmar\/wp-content\/uploads\/cartel-conferencia-3.webp\" class=\"attachment-full size-full wp-post-image\" alt=\"\" srcset=\"https:\/\/www.realclubmaritimomelilla.es\/clmar\/wp-content\/uploads\/cartel-conferencia-3-200x283.webp 200w, https:\/\/www.realclubmaritimomelilla.es\/clmar\/wp-content\/uploads\/cartel-conferencia-3-212x300.webp 212w, https:\/\/www.realclubmaritimomelilla.es\/clmar\/wp-content\/uploads\/cartel-conferencia-3-400x567.webp 400w, https:\/\/www.realclubmaritimomelilla.es\/clmar\/wp-content\/uploads\/cartel-conferencia-3-600x850.webp 600w, https:\/\/www.realclubmaritimomelilla.es\/clmar\/wp-content\/uploads\/cartel-conferencia-3.webp 635w\" sizes=\"(min-width: 2200px) 100vw, (min-width: 732px) 530px, (min-width: 640px) 732px, \" \/><div class=\"fusion-rollover\">\r\n\t<div class=\"fusion-rollover-content\">\r\n\r\n\t\t\t\t\r\n\t\t\r\n\t\t\t\t\t\t\t\t\t\t\t\t<h4 class=\"fusion-rollover-title\">\r\n\t\t\t\t\t<a class=\"fusion-rollover-title-link\" href=\"https:\/\/www.realclubmaritimomelilla.es\/clmar\/en-mayo-las-jornadas-culturales-del-rcmm-tienen-una-nueva-cita\/\">\r\n\t\t\t\t\t\tEn mayo, las Jornadas Culturales del RCMM tienen una nueva cita\t\t\t\t\t<\/a>\r\n\t\t\t\t<\/h4>\r\n\t\t\t\r\n\t\t\t\t\t\t\t\t\t\t<div class=\"fusion-rollover-categories\"><a href=\"https:\/\/www.realclubmaritimomelilla.es\/clmar\/category\/sin-categoria\/\" rel=\"tag\">Sin categor\u00eda<\/a><\/div>\t\t\t\t\t\r\n\t\t\r\n\t\t\t\t\t\t<a class=\"fusion-link-wrapper\" href=\"https:\/\/www.realclubmaritimomelilla.es\/clmar\/en-mayo-las-jornadas-culturales-del-rcmm-tienen-una-nueva-cita\/\" aria-label=\"En mayo, las Jornadas Culturales del RCMM tienen una nueva cita\"><\/a>\r\n\t<\/div>\r\n<\/div>\r\n<\/div>\r\n<\/li>\r\n\t\t\t\r\n\t\t\t\r\n\t\t\t\t\t\t\t\t\t\t\t\t\t\t\t\t\t\t\t\t\t\t\t\t\t\t\t\t\t\t\t\t\t\t\t\t\t\t\t\t\t\t\t\t\t\t\t\t\t\t\t\t\t\t\t\t\t\t\t\t\t\t\t\t\t\t\t\t<\/ul>\r\n\t<\/div>\r\n\t<div class=\"fusion-post-content-wrapper\" style=\"padding:30px 25px 25px 25px;\"><div class=\"fusion-post-content post-content\"><h2 class=\"blog-shortcode-post-title entry-title\"><a href=\"https:\/\/www.realclubmaritimomelilla.es\/clmar\/en-mayo-las-jornadas-culturales-del-rcmm-tienen-una-nueva-cita\/\">En mayo, las Jornadas Culturales del RCMM tienen una nueva cita<\/a><\/h2><p class=\"fusion-single-line-meta\">By <span class=\"vcard\"><span class=\"fn\"><a href=\"https:\/\/www.realclubmaritimomelilla.es\/clmar\/author\/rcmmelilla2017\/\" title=\"Entradas de RCMMelilla\" rel=\"author\">RCMMelilla<\/a><\/span><\/span><span class=\"fusion-inline-sep\">|<\/span><span class=\"updated\" style=\"display:none;\">2026-04-30T14:24:21+02:00<\/span><span>abril 30th, 2026<\/span><span class=\"fusion-inline-sep\">|<\/span>Categories: <a href=\"https:\/\/www.realclubmaritimomelilla.es\/clmar\/category\/sin-categoria\/\" rel=\"category tag\">Sin categor\u00eda<\/a><span class=\"fusion-inline-sep\">|<\/span><\/p><div class=\"fusion-content-sep sep-double sep-solid\" style=\"border-color:#e0dede;\"><\/div><div class=\"fusion-post-content-container\"><p>Las Jornadas Culturales del Real Club Mar\u00edtimo de Melilla, que est\u00e1n desarrollando su d\u00e9cimo tercera edici\u00f3n, tienen una nueva cita programada para el pr\u00f3ximo mes de mayo. En concreto, el viernes 29 tendr\u00e1 lugar una [...]<\/p><\/div><\/div><div class=\"fusion-meta-info\"><div class=\"fusion-alignleft\"><a class=\"fusion-read-more\" href=\"https:\/\/www.realclubmaritimomelilla.es\/clmar\/en-mayo-las-jornadas-culturales-del-rcmm-tienen-una-nueva-cita\/\" aria-label=\"More on En mayo, las Jornadas Culturales del RCMM tienen una nueva cita\">Read More<\/a><\/div><div class=\"fusion-alignright\"><a href=\"https:\/\/www.realclubmaritimomelilla.es\/clmar\/en-mayo-las-jornadas-culturales-del-rcmm-tienen-una-nueva-cita\/#respond\"><i class=\"awb-icon-bubbles\" aria-hidden=\"true\"><\/i>&nbsp;0<\/a><\/div><\/div><\/div><div class=\"fusion-clearfix\"><\/div><\/div>\n<\/article>\n<div class=\"fusion-clearfix\"><\/div><\/div><div class=\"fusion-infinite-scroll-trigger\"><\/div><div class=\"pagination infinite-scroll clearfix\" style=\"display:none;\"><span class=\"current\">1<\/span><a href=\"https:\/\/www.realclubmaritimomelilla.es\/clmar\/wp-json\/wp\/v2\/pages\/3658\/page\/2\/\" class=\"inactive\">2<\/a><a class=\"pagination-next\" rel=\"next\" href=\"https:\/\/www.realclubmaritimomelilla.es\/clmar\/wp-json\/wp\/v2\/pages\/3658\/page\/2\/\"><span class=\"page-text\">Siguiente<\/span><span class=\"page-next\"><\/span><\/a><\/div><div class=\"fusion-clearfix\"><\/div><\/div><div class=\"fusion-clearfix\"><\/div><\/div><\/div><\/div><style type=\"text\/css\">.fusion-fullwidth.fusion-builder-row-1 { overflow:visible; }<\/style><\/div>\n","protected":false},"excerpt":{"rendered":"","protected":false},"author":1,"featured_media":0,"parent":0,"menu_order":0,"comment_status":"open","ping_status":"closed","template":"","meta":{"_acf_changed":false,"footnotes":""},"class_list":["post-3658","page","type-page","status-publish","hentry"],"acf":[],"yoast_head":"<!-- This site is optimized with the Yoast SEO plugin v27.5 - https:\/\/yoast.com\/product\/yoast-seo-wordpress\/ -->\n<title>Home Blog Style 1 - Real Club Mar\u00edtimo de Melilla<\/title>\n<meta name=\"description\" content=\"Home Blog Style 1 -\" \/>\n<meta name=\"robots\" content=\"index, follow, max-snippet:-1, max-image-preview:large, max-video-preview:-1\" \/>\n<link rel=\"canonical\" href=\"https:\/\/www.realclubmaritimomelilla.es\/clmar\/home-blog-style-1\/\" \/>\n<meta property=\"og:locale\" content=\"es_ES\" \/>\n<meta property=\"og:type\" content=\"article\" \/>\n<meta property=\"og:title\" content=\"Home Blog Style 1 - Real Club Mar\u00edtimo de Melilla\" \/>\n<meta property=\"og:description\" content=\"Home Blog Style 1 -\" \/>\n<meta property=\"og:url\" content=\"https:\/\/www.realclubmaritimomelilla.es\/clmar\/home-blog-style-1\/\" \/>\n<meta property=\"og:site_name\" content=\"Real Club Mar\u00edtimo de Melilla\" \/>\n<meta property=\"article:publisher\" content=\"https:\/\/www.facebook.com\/Real-Club-Mar%c3%adtimo-de-Melilla-588495841234214\/\" \/>\n<meta property=\"article:modified_time\" content=\"2021-07-20T09:38:40+00:00\" \/>\n<meta name=\"twitter:card\" content=\"summary_large_image\" \/>\n<meta name=\"twitter:site\" content=\"@nauticarcmm\" \/>\n<meta name=\"twitter:label1\" content=\"Tiempo de lectura\" \/>\n\t<meta name=\"twitter:data1\" content=\"2 minutos\" \/>\n<script type=\"application\/ld+json\" class=\"yoast-schema-graph\">{\"@context\":\"https:\\\/\\\/schema.org\",\"@graph\":[{\"@type\":\"WebPage\",\"@id\":\"https:\\\/\\\/www.realclubmaritimomelilla.es\\\/clmar\\\/home-blog-style-1\\\/\",\"url\":\"https:\\\/\\\/www.realclubmaritimomelilla.es\\\/clmar\\\/home-blog-style-1\\\/\",\"name\":\"Home Blog Style 1 - Real Club Mar\u00edtimo de Melilla\",\"isPartOf\":{\"@id\":\"https:\\\/\\\/www.realclubmaritimomelilla.es\\\/clmar\\\/#website\"},\"datePublished\":\"2013-05-24T19:56:57+00:00\",\"dateModified\":\"2021-07-20T09:38:40+00:00\",\"description\":\"Home Blog Style 1 -\",\"breadcrumb\":{\"@id\":\"https:\\\/\\\/www.realclubmaritimomelilla.es\\\/clmar\\\/home-blog-style-1\\\/#breadcrumb\"},\"inLanguage\":\"es\",\"potentialAction\":[{\"@type\":\"ReadAction\",\"target\":[\"https:\\\/\\\/www.realclubmaritimomelilla.es\\\/clmar\\\/home-blog-style-1\\\/\"]}]},{\"@type\":\"BreadcrumbList\",\"@id\":\"https:\\\/\\\/www.realclubmaritimomelilla.es\\\/clmar\\\/home-blog-style-1\\\/#breadcrumb\",\"itemListElement\":[{\"@type\":\"ListItem\",\"position\":1,\"name\":\"Portada\",\"item\":\"https:\\\/\\\/www.realclubmaritimomelilla.es\\\/clmar\\\/\"},{\"@type\":\"ListItem\",\"position\":2,\"name\":\"Home Blog Style 1\"}]},{\"@type\":\"WebSite\",\"@id\":\"https:\\\/\\\/www.realclubmaritimomelilla.es\\\/clmar\\\/#website\",\"url\":\"https:\\\/\\\/www.realclubmaritimomelilla.es\\\/clmar\\\/\",\"name\":\"Real Club Mar\u00edtimo de Melilla\",\"description\":\"RCMM\",\"publisher\":{\"@id\":\"https:\\\/\\\/www.realclubmaritimomelilla.es\\\/clmar\\\/#organization\"},\"alternateName\":\"RCMM\",\"potentialAction\":[{\"@type\":\"SearchAction\",\"target\":{\"@type\":\"EntryPoint\",\"urlTemplate\":\"https:\\\/\\\/www.realclubmaritimomelilla.es\\\/clmar\\\/?s={search_term_string}\"},\"query-input\":{\"@type\":\"PropertyValueSpecification\",\"valueRequired\":true,\"valueName\":\"search_term_string\"}}],\"inLanguage\":\"es\"},{\"@type\":\"Organization\",\"@id\":\"https:\\\/\\\/www.realclubmaritimomelilla.es\\\/clmar\\\/#organization\",\"name\":\"Real Club Mar\u00edtimo de Melilla\",\"alternateName\":\"RCMM\",\"url\":\"https:\\\/\\\/www.realclubmaritimomelilla.es\\\/clmar\\\/\",\"logo\":{\"@type\":\"ImageObject\",\"inLanguage\":\"es\",\"@id\":\"https:\\\/\\\/www.realclubmaritimomelilla.es\\\/clmar\\\/#\\\/schema\\\/logo\\\/image\\\/\",\"url\":\"https:\\\/\\\/www.realclubmaritimomelilla.es\\\/clmar\\\/wp-content\\\/uploads\\\/logo-club-original-copia.jpg\",\"contentUrl\":\"https:\\\/\\\/www.realclubmaritimomelilla.es\\\/clmar\\\/wp-content\\\/uploads\\\/logo-club-original-copia.jpg\",\"width\":128,\"height\":89,\"caption\":\"Real Club Mar\u00edtimo de Melilla\"},\"image\":{\"@id\":\"https:\\\/\\\/www.realclubmaritimomelilla.es\\\/clmar\\\/#\\\/schema\\\/logo\\\/image\\\/\"},\"sameAs\":[\"https:\\\/\\\/www.facebook.com\\\/Real-Club-Mar\u00edtimo-de-Melilla-588495841234214\\\/\",\"https:\\\/\\\/x.com\\\/nauticarcmm\",\"https:\\\/\\\/www.instagram.com\\\/club_maritimo_melilla\\\/\",\"https:\\\/\\\/www.youtube.com\\\/@realclubmaritimodemelilla4703\",\"https:\\\/\\\/es.wikipedia.org\\\/wiki\\\/Real_Club_Mar\u00edtimo_de_Melilla\"]}]}<\/script>\n<!-- \/ Yoast SEO plugin. -->","yoast_head_json":{"title":"Home Blog Style 1 - Real Club Mar\u00edtimo de Melilla","description":"Home Blog Style 1 -","robots":{"index":"index","follow":"follow","max-snippet":"max-snippet:-1","max-image-preview":"max-image-preview:large","max-video-preview":"max-video-preview:-1"},"canonical":"https:\/\/www.realclubmaritimomelilla.es\/clmar\/home-blog-style-1\/","og_locale":"es_ES","og_type":"article","og_title":"Home Blog Style 1 - Real Club Mar\u00edtimo de Melilla","og_description":"Home Blog Style 1 -","og_url":"https:\/\/www.realclubmaritimomelilla.es\/clmar\/home-blog-style-1\/","og_site_name":"Real Club Mar\u00edtimo de Melilla","article_publisher":"https:\/\/www.facebook.com\/Real-Club-Mar%c3%adtimo-de-Melilla-588495841234214\/","article_modified_time":"2021-07-20T09:38:40+00:00","twitter_card":"summary_large_image","twitter_site":"@nauticarcmm","twitter_misc":{"Tiempo de lectura":"2 minutos"},"schema":{"@context":"https:\/\/schema.org","@graph":[{"@type":"WebPage","@id":"https:\/\/www.realclubmaritimomelilla.es\/clmar\/home-blog-style-1\/","url":"https:\/\/www.realclubmaritimomelilla.es\/clmar\/home-blog-style-1\/","name":"Home Blog Style 1 - Real Club Mar\u00edtimo de Melilla","isPartOf":{"@id":"https:\/\/www.realclubmaritimomelilla.es\/clmar\/#website"},"datePublished":"2013-05-24T19:56:57+00:00","dateModified":"2021-07-20T09:38:40+00:00","description":"Home Blog Style 1 -","breadcrumb":{"@id":"https:\/\/www.realclubmaritimomelilla.es\/clmar\/home-blog-style-1\/#breadcrumb"},"inLanguage":"es","potentialAction":[{"@type":"ReadAction","target":["https:\/\/www.realclubmaritimomelilla.es\/clmar\/home-blog-style-1\/"]}]},{"@type":"BreadcrumbList","@id":"https:\/\/www.realclubmaritimomelilla.es\/clmar\/home-blog-style-1\/#breadcrumb","itemListElement":[{"@type":"ListItem","position":1,"name":"Portada","item":"https:\/\/www.realclubmaritimomelilla.es\/clmar\/"},{"@type":"ListItem","position":2,"name":"Home Blog Style 1"}]},{"@type":"WebSite","@id":"https:\/\/www.realclubmaritimomelilla.es\/clmar\/#website","url":"https:\/\/www.realclubmaritimomelilla.es\/clmar\/","name":"Real Club Mar\u00edtimo de Melilla","description":"RCMM","publisher":{"@id":"https:\/\/www.realclubmaritimomelilla.es\/clmar\/#organization"},"alternateName":"RCMM","potentialAction":[{"@type":"SearchAction","target":{"@type":"EntryPoint","urlTemplate":"https:\/\/www.realclubmaritimomelilla.es\/clmar\/?s={search_term_string}"},"query-input":{"@type":"PropertyValueSpecification","valueRequired":true,"valueName":"search_term_string"}}],"inLanguage":"es"},{"@type":"Organization","@id":"https:\/\/www.realclubmaritimomelilla.es\/clmar\/#organization","name":"Real Club Mar\u00edtimo de Melilla","alternateName":"RCMM","url":"https:\/\/www.realclubmaritimomelilla.es\/clmar\/","logo":{"@type":"ImageObject","inLanguage":"es","@id":"https:\/\/www.realclubmaritimomelilla.es\/clmar\/#\/schema\/logo\/image\/","url":"https:\/\/www.realclubmaritimomelilla.es\/clmar\/wp-content\/uploads\/logo-club-original-copia.jpg","contentUrl":"https:\/\/www.realclubmaritimomelilla.es\/clmar\/wp-content\/uploads\/logo-club-original-copia.jpg","width":128,"height":89,"caption":"Real Club Mar\u00edtimo de Melilla"},"image":{"@id":"https:\/\/www.realclubmaritimomelilla.es\/clmar\/#\/schema\/logo\/image\/"},"sameAs":["https:\/\/www.facebook.com\/Real-Club-Mar\u00edtimo-de-Melilla-588495841234214\/","https:\/\/x.com\/nauticarcmm","https:\/\/www.instagram.com\/club_maritimo_melilla\/","https:\/\/www.youtube.com\/@realclubmaritimodemelilla4703","https:\/\/es.wikipedia.org\/wiki\/Real_Club_Mar\u00edtimo_de_Melilla"]}]}},"_links":{"self":[{"href":"https:\/\/www.realclubmaritimomelilla.es\/clmar\/wp-json\/wp\/v2\/pages\/3658","targetHints":{"allow":["GET"]}}],"collection":[{"href":"https:\/\/www.realclubmaritimomelilla.es\/clmar\/wp-json\/wp\/v2\/pages"}],"about":[{"href":"https:\/\/www.realclubmaritimomelilla.es\/clmar\/wp-json\/wp\/v2\/types\/page"}],"author":[{"embeddable":true,"href":"https:\/\/www.realclubmaritimomelilla.es\/clmar\/wp-json\/wp\/v2\/users\/1"}],"replies":[{"embeddable":true,"href":"https:\/\/www.realclubmaritimomelilla.es\/clmar\/wp-json\/wp\/v2\/comments?post=3658"}],"version-history":[{"count":1,"href":"https:\/\/www.realclubmaritimomelilla.es\/clmar\/wp-json\/wp\/v2\/pages\/3658\/revisions"}],"predecessor-version":[{"id":15940,"href":"https:\/\/www.realclubmaritimomelilla.es\/clmar\/wp-json\/wp\/v2\/pages\/3658\/revisions\/15940"}],"wp:attachment":[{"href":"https:\/\/www.realclubmaritimomelilla.es\/clmar\/wp-json\/wp\/v2\/media?parent=3658"}],"curies":[{"name":"wp","href":"https:\/\/api.w.org\/{rel}","templated":true}]}}